{"id":875,"date":"2022-11-10T16:28:01","date_gmt":"2022-11-10T15:28:01","guid":{"rendered":"https:\/\/sites-recherche.univ-rennes2.fr\/ace\/?post_type=tribe_events&#038;p=875"},"modified":"2022-11-10T16:28:01","modified_gmt":"2022-11-10T15:28:01","slug":"soutenance-de-these-de-jessica-le-flem","status":"publish","type":"tribe_events","link":"https:\/\/sites-recherche.univ-rennes2.fr\/ace\/evenement\/soutenance-de-these-de-jessica-le-flem\/","title":{"rendered":"Soutenance de th\u00e8se de Jessica Le Flem"},"content":{"rendered":"<p><span dir=\"ltr\" role=\"presentation\">Mme Jessica Le Flem, soutiendra sa th\u00e8se intitul\u00e9e <strong>\u00ab\u00a0Du fil\u00e9 au fig\u00e9<\/strong><\/span><strong> <span dir=\"ltr\" role=\"presentation\">: la photographie et le cin\u00e9ma dans l\u2019\u0153uvre de Rosamond <\/span><span dir=\"ltr\" role=\"presentation\">Lehmann\u00a0\u00bb <\/span><\/strong><span dir=\"ltr\" role=\"presentation\">le<\/span> <span dir=\"ltr\" role=\"presentation\">jeudi 17 novembre 2022<\/span> <span dir=\"ltr\" role=\"presentation\">\u00e0<\/span> <span dir=\"ltr\" role=\"presentation\">14 heures <\/span><span dir=\"ltr\" role=\"presentation\">\u00e0 l\u2019Universit\u00e9 Rennes 2<\/span> <span dir=\"ltr\" role=\"presentation\">\u2013<\/span> <span dir=\"ltr\" role=\"presentation\">B<\/span><span dir=\"ltr\" role=\"presentation\">\u00e2t<\/span><span dir=\"ltr\" role=\"presentation\">iment<\/span> <span dir=\"ltr\" role=\"presentation\">P<\/span><span dir=\"ltr\" role=\"presentation\">r\u00e9sidence<\/span> <span dir=\"ltr\" role=\"presentation\">\u2013<\/span> <span dir=\"ltr\" role=\"presentation\">7<\/span><span dir=\"ltr\" role=\"presentation\">\u00e8me<\/span> <span dir=\"ltr\" role=\"presentation\">\u00e9tage<\/span> <span dir=\"ltr\" role=\"presentation\">\u2013<\/span> <span dir=\"ltr\" role=\"presentation\">Salle des<\/span> <span dir=\"ltr\" role=\"presentation\">T<\/span><span dir=\"ltr\" role=\"presentation\">h\u00e8ses<\/span><\/p>\n<p><span dir=\"ltr\" role=\"presentation\">Le jury sera compos\u00e9 de<\/span> <span dir=\"ltr\" role=\"presentation\">:<\/span><br role=\"presentation\" \/><span dir=\"ltr\" role=\"presentation\">Madame<\/span> <span dir=\"ltr\" role=\"presentation\">Emilien<\/span><span dir=\"ltr\" role=\"presentation\">ne<\/span> <span dir=\"ltr\" role=\"presentation\">Baneth<\/span><span dir=\"ltr\" role=\"presentation\">&#8211;<\/span><span dir=\"ltr\" role=\"presentation\">Nouailhetas,<\/span> <span dir=\"ltr\" role=\"presentation\">Professeure<\/span> <span dir=\"ltr\" role=\"presentation\">des<\/span> <span dir=\"ltr\" role=\"presentation\">Universit\u00e9s, <\/span><span dir=\"ltr\" role=\"presentation\">Universit\u00e9 Rennes 2 (directrice)<\/span><br role=\"presentation\" \/><span dir=\"ltr\" role=\"presentation\">Madame Camille Fort<\/span><span dir=\"ltr\" role=\"presentation\">&#8211;<\/span><span dir=\"ltr\" role=\"presentation\">Cantoni, Professeure des Universit\u00e9s, Universit\u00e9 de <\/span><span dir=\"ltr\" role=\"presentation\">Picardie Jules Verne<\/span><br role=\"presentation\" \/><span dir=\"ltr\" role=\"presentation\">Madame Isabelle Gadoin, Professeure des Universit\u00e9s, Universit\u00e9<\/span> <span dir=\"ltr\" role=\"presentation\">Sorbonne <\/span><span dir=\"ltr\" role=\"presentation\">Nouvelle<\/span> <span dir=\"ltr\" role=\"presentation\">\u2013<\/span> <span dir=\"ltr\" role=\"presentation\">Paris 3<\/span><br role=\"presentation\" \/><span dir=\"ltr\" role=\"presentation\">Monsieur Christian Gutleben, Professeur des Universit\u00e9s, Universit\u00e9 C\u00f4te <\/span><span dir=\"ltr\" role=\"presentation\">d\u2019Azur<\/span><br role=\"presentation\" \/><span dir=\"ltr\" role=\"presentation\">Monsieur Jean<\/span><span dir=\"ltr\" role=\"presentation\">&#8211;<\/span><span dir=\"ltr\" role=\"presentation\">Pierre Juhel, Ma\u00eetre de Conf\u00e9rences, Universit\u00e9 Rennes 2 (co<\/span><span dir=\"ltr\" role=\"presentation\">&#8211;<\/span><span dir=\"ltr\" role=\"presentation\">directeur)<\/span><br role=\"presentation\" \/><br role=\"presentation\" \/><span dir=\"ltr\" role=\"presentation\">R\u00e9sum\u00e9 de la th\u00e8se<\/span> <span dir=\"ltr\" role=\"presentation\">:<\/span><br role=\"presentation\" \/><span dir=\"ltr\" role=\"presentation\">Cette<\/span> <span dir=\"ltr\" role=\"presentation\">\u00e9tude<\/span> <span dir=\"ltr\" role=\"presentation\">pose<\/span> <span dir=\"ltr\" role=\"presentation\">l\u2019hypoth\u00e8se<\/span> <span dir=\"ltr\" role=\"presentation\">que<\/span> <span dir=\"ltr\" role=\"presentation\">le<\/span> <span dir=\"ltr\" role=\"presentation\">passage<\/span> <span dir=\"ltr\" role=\"presentation\">du<\/span> <span dir=\"ltr\" role=\"presentation\">pictural<\/span> <span dir=\"ltr\" role=\"presentation\">vers<\/span> <span dir=\"ltr\" role=\"presentation\">le <\/span><span dir=\"ltr\" role=\"presentation\">photographique et le cin\u00e9matographique est au c\u0153ur du d\u00e9veloppement de <\/span><span dir=\"ltr\" role=\"presentation\">l\u2019esth\u00e9tique lehmannienne. Bien que la qualit\u00e9 visuelle de l\u2019\u00e9criture de <\/span><span dir=\"ltr\" role=\"presentation\">Rosamond Lehmann soit reco<\/span><span dir=\"ltr\" role=\"presentation\">nnue, l\u2019influence de la photographie et du <\/span><span dir=\"ltr\" role=\"presentation\">cin\u00e9ma dans son \u0153uvre demeure peu \u00e9tudi\u00e9e. Pourtant, ces arts modernes <\/span><span dir=\"ltr\" role=\"presentation\">partagent les probl\u00e9matiques qui traversent l\u2019\u0153uvre lehmannienne<\/span> <span dir=\"ltr\" role=\"presentation\">: pr\u00e9sence <\/span><span dir=\"ltr\" role=\"presentation\">et absence, permanence et fugacit\u00e9, visible et invisible. Une mise<\/span> <span dir=\"ltr\" role=\"presentation\">en regard de <\/span><span dir=\"ltr\" role=\"presentation\">la fiction et des activit\u00e9s critiques et \u00e9ditoriales de l\u2019\u00e9crivaine t\u00e9moigne d\u2019une <\/span><span dir=\"ltr\" role=\"presentation\">vision litt\u00e9raire qui s\u2019inspire de plus en plus de la photographie et du cin\u00e9ma, <\/span><span dir=\"ltr\" role=\"presentation\">techniques dont Rosamond Lehmann s\u2019empare pour refigurer l\u2019exp\u00e9rience <\/span><span dir=\"ltr\" role=\"presentation\">humaine<\/span> <span dir=\"ltr\" role=\"presentation\">en construisant une \u0153uvre o\u00f9 se c\u00f4toient le stable et l\u2019instable, <\/span><span dir=\"ltr\" role=\"presentation\">l\u2019\u00e9trange et le familier. Privil\u00e9giant l\u2019ouverture, Rosamond Lehmann brouille <\/span><span dir=\"ltr\" role=\"presentation\">les fronti\u00e8res entre r\u00e9el et fiction et explore l\u2019invisible, apportant de la densit\u00e9 <\/span><span dir=\"ltr\" role=\"presentation\">tant aux personnages qu\u2019au<\/span> <span dir=\"ltr\" role=\"presentation\">texte gr\u00e2ce \u00e0 des exp\u00e9rimentations reposant sur <\/span><span dir=\"ltr\" role=\"presentation\">la lumi\u00e8re, le fig\u00e9 et le mouvement. Enfin, l\u2019\u00e9crivaine abolit les fronti\u00e8res <\/span><span dir=\"ltr\" role=\"presentation\">temporelles pour faire du texte un lieu hant\u00e9 par des pr\u00e9sences spectrales <\/span><span dir=\"ltr\" role=\"presentation\">sugg\u00e9rant la possibilit\u00e9 d\u2019une forme de r\u00e9surrection vi<\/span><span dir=\"ltr\" role=\"presentation\">suelle et litt\u00e9raire.<\/span><\/p>\n","protected":false},"excerpt":{"rendered":"<p>Mme Jessica Le Flem, soutiendra sa th\u00e8se intitul\u00e9e \u00ab\u00a0Du fil\u00e9 au fig\u00e9 : la photographie et le cin\u00e9ma dans l\u2019\u0153uvre de Rosamond Lehmann\u00a0\u00bb le&hellip;<\/p>\n","protected":false},"author":1,"featured_media":876,"template":"","meta":{"_acf_changed":false,"_tribe_events_status":"","_tribe_events_status_reason":"","footnotes":""},"tribe_events_cat":[21],"class_list":["post-875","tribe_events","type-tribe_events","status-publish","has-post-thumbnail","hentry","tribe_events_cat-soutenances","cat_soutenances"],"acf":[],"_links":{"self":[{"href":"https:\/\/sites-recherche.univ-rennes2.fr\/ace\/wp-json\/wp\/v2\/tribe_events\/875","targetHints":{"allow":["GET"]}}],"collection":[{"href":"https:\/\/sites-recherche.univ-rennes2.fr\/ace\/wp-json\/wp\/v2\/tribe_events"}],"about":[{"href":"https:\/\/sites-recherche.univ-rennes2.fr\/ace\/wp-json\/wp\/v2\/types\/tribe_events"}],"author":[{"embeddable":true,"href":"https:\/\/sites-recherche.univ-rennes2.fr\/ace\/wp-json\/wp\/v2\/users\/1"}],"version-history":[{"count":1,"href":"https:\/\/sites-recherche.univ-rennes2.fr\/ace\/wp-json\/wp\/v2\/tribe_events\/875\/revisions"}],"predecessor-version":[{"id":877,"href":"https:\/\/sites-recherche.univ-rennes2.fr\/ace\/wp-json\/wp\/v2\/tribe_events\/875\/revisions\/877"}],"wp:featuredmedia":[{"embeddable":true,"href":"https:\/\/sites-recherche.univ-rennes2.fr\/ace\/wp-json\/wp\/v2\/media\/876"}],"wp:attachment":[{"href":"https:\/\/sites-recherche.univ-rennes2.fr\/ace\/wp-json\/wp\/v2\/media?parent=875"}],"wp:term":[{"taxonomy":"tribe_events_cat","embeddable":true,"href":"https:\/\/sites-recherche.univ-rennes2.fr\/ace\/wp-json\/wp\/v2\/tribe_events_cat?post=875"}],"curies":[{"name":"wp","href":"https:\/\/api.w.org\/{rel}","templated":true}]}}