{"id":108,"date":"2020-09-02T16:17:10","date_gmt":"2020-09-02T14:17:10","guid":{"rendered":"http:\/\/sites-recherche.univ-rennes2.fr\/cellam\/?page_id=108"},"modified":"2024-11-17T11:49:57","modified_gmt":"2024-11-17T10:49:57","slug":"appels-a-contributions","status":"publish","type":"page","link":"https:\/\/sites-recherche.univ-rennes2.fr\/cellam\/appels-a-contributions\/","title":{"rendered":"Appels \u00e0 contributions"},"content":{"rendered":"<p>&nbsp;<\/p>\n<p>Journ\u00e9e d&rsquo;\u00e9tude organis\u00e9e le 6 mars 2025 par Ja\u00eflys Duault et C\u00e9cile Tarjot, Ad Hoc, <strong><em>\u00ab Prisonni\u00e8res \u00bb : mythes, fictions et r\u00e9cits de femmes incarc\u00e9r\u00e9es<\/em>. <\/strong><\/p>\n<p><strong>Ap<\/strong>pel \u00e0 communications: https:\/\/adhoc.hypotheses.org\/2231<\/p>\n<p>Propositions \u00e0 adresser avant le 12 d\u00e9cembre 2024.<\/p>\n<p>&nbsp;<\/p>\n<p>_______<\/p>\n<p>&nbsp;<\/p>\n<p>Colloque International <strong>Po\u00e9tiques et pratiques cr\u00e9atrices boh\u00e8mes<\/strong>: Appel \u00e0 communications:<\/p>\n<p><a href=\"http:\/\/sites-recherche.univ-rennes2.fr\/cellam\/wp-content\/uploads\/2024\/10\/appel_colloque_bohemes_2025.pdf\">Appel_colloque_Boh\u00e8mes_2025<\/a><\/p>\n<hr \/>\n<p>&nbsp;<\/p>\n<h3>Appel \u00e0 communication pour le colloque international : <em>Nuove forme dell\u2019impegno nella letteratura del XXI secolo<\/em><br \/>\nUniversit\u00e9 Savoie Mont Blanc<br \/>\nChamb\u00e9ry, 13 et 14 mars 2025<\/h3>\n<p>organisation : Cristina Vignali (U. Savoie Mont Blanc) et Manuella Spinelli (U. Rennes 2)<\/p>\n<p><a href=\"http:\/\/sites-recherche.univ-rennes2.fr\/cellam\/wp-content\/uploads\/2020\/09\/cfp_convegno-impegno.pdf\">Texte de l&rsquo;appel \u00e0 communication<\/a><\/p>\n<hr \/>\n<p>&nbsp;<\/p>\n<p>A<img loading=\"lazy\" decoding=\"async\" class=\" wp-image-4396 alignleft\" src=\"http:\/\/sites-recherche.univ-rennes2.fr\/cellam\/wp-content\/uploads\/2024\/06\/dante-poete-francais-1-300x216.jpg\" alt=\"\" width=\"229\" height=\"165\" srcset=\"https:\/\/sites-recherche.univ-rennes2.fr\/cellam\/wp-content\/uploads\/2024\/06\/dante-poete-francais-1-300x216.jpg 300w, https:\/\/sites-recherche.univ-rennes2.fr\/cellam\/wp-content\/uploads\/2024\/06\/dante-poete-francais-1-1024x738.jpg 1024w, https:\/\/sites-recherche.univ-rennes2.fr\/cellam\/wp-content\/uploads\/2024\/06\/dante-poete-francais-1-768x553.jpg 768w, https:\/\/sites-recherche.univ-rennes2.fr\/cellam\/wp-content\/uploads\/2024\/06\/dante-poete-francais-1-1536x1107.jpg 1536w, https:\/\/sites-recherche.univ-rennes2.fr\/cellam\/wp-content\/uploads\/2024\/06\/dante-poete-francais-1-2048x1476.jpg 2048w, https:\/\/sites-recherche.univ-rennes2.fr\/cellam\/wp-content\/uploads\/2024\/06\/dante-poete-francais-1-920x663.jpg 920w\" sizes=\"auto, (max-width: 229px) 100vw, 229px\" \/>NR DHAF, colloque international<strong> 27 et 28 mars 2025<\/strong>, Rennes 2, \u00ab <strong>Dante est un po\u00e8te fran\u00e7ais \u00bb :parcours et paradoxes de la\u00a0 r\u00e9ception de Dante en France entre traduction et cr\u00e9ation litt\u00e9raire et artistique (XIXe-XXIe s.)<\/strong><\/p>\n<p><a href=\"http:\/\/sites-recherche.univ-rennes2.fr\/cellam\/wp-content\/uploads\/2024\/06\/appel-call.-dante-est-un-poete-francais-rennes-2-def.pdf\">Appel &#8211; Call. Dante est un poe\u0300te franc\u0327ais &#8211; Rennes 2 d\u00e9f.<\/a><\/p>\n<p>&nbsp;<\/p>\n<p>&nbsp;<\/p>\n<hr \/>\n<h4><strong>APPEL A COMMUNICATION<br \/>\nJourn\u00e9e d\u2019\u00e9tude internationale<br \/>\n\u00ab L\u2019\u00c9CLAIRAGE ARTIFICIEL DANS LES ARTS ET LA LITTERATURE \u00bb<br \/>\nUniversit\u00e9 Rennes 2, jeudi 10 octobre 2024<\/strong><\/h4>\n<p><strong>Texte de l&rsquo;appel: <\/strong><strong><a href=\"http:\/\/sites-recherche.univ-rennes2.fr\/cellam\/wp-content\/uploads\/2024\/03\/aac-je-leclairage-artificiel-dans-les-arts-et-la-litterature.pdf\">AAC &#8211; JE L&rsquo;\u00e9clairage artificiel dans les arts et la litt\u00e9rature<\/a><\/strong><\/p>\n<h3>Les propositions, comprenant un titre, un argumentaire d\u2019une quinzaine de lignes et une courte pr\u00e9sentation personnelle, sont \u00e0 envoyer \u00e0 a.houplain@unibas.ch et joanna.beaufoy@hum.ku.dk avant le 15 mai. Les perspectives interdisciplinaires et\/ou transm\u00e9diales sont encourag\u00e9es. Une r\u00e9ponse sera apport\u00e9e le 31 mai. Les communications dureront vingt minutes et pourront \u00eatre pr\u00e9sent\u00e9es en anglais ou en fran\u00e7ais. La publication des actes est envisag\u00e9e.<\/h3>\n<p>&nbsp;<\/p>\n<p>&nbsp;<\/p>\n<hr \/>\n<h4><strong>Revue <a href=\"https:\/\/carnets-poediles.pergola-publications.fr\/\">Carnets de Po\u00e9diles <\/a><\/strong>: <a href=\"http:\/\/sites-recherche.univ-rennes2.fr\/cellam\/wp-content\/uploads\/2023\/11\/carnets-de-poediles_appel-no2_finalites-poesie.vf_.pdf\">appel \u00e0 contributions au dossier n\u00b02<\/a><\/h4>\n<h3><a href=\"https:\/\/www.fabula.org\/actualites\/117381\/que-fait-la-poesie-a-l-ecole-et-que-fait-l-ecole-a-la-poesie.html\">Que fait la po\u00e9sie \u00e0 l&rsquo;\u00e9cole et que fait l&rsquo;\u00e9cole \u00e0 la po\u00e9sie ?\u00a0<\/a><\/h3>\n<p><span style=\"font-weight: 400;\">Cet appel s&rsquo;adresse aux chercheuses et chercheurs en litt\u00e9rature, en didactique de la Litt\u00e9rature, ainsi qu&rsquo;aux sp\u00e9cialistes d&rsquo;autres disciplines pour lesquels les enjeux de l\u2019enseignement de la po\u00e9sie, de l&rsquo;\u00e9cole \u00e0 l&rsquo;universit\u00e9, peuvent constituer un objet d&rsquo;\u00e9tude. <strong>Les propositions sont attendues jusqu&rsquo;au 1er f\u00e9vrier 2024.<\/strong><\/span><\/p>\n<p><i><span style=\"font-weight: 400;\">Carnets de Po\u00e9diles <\/span><\/i><span style=\"font-weight: 400;\">est une revue num\u00e9rique internationale de didactique de la litt\u00e9rature. Elle rassemble des travaux scientifiques en langue fran\u00e7aise portant sur la po\u00e9sie et son enseignement. Elle propose un dossier scientifique bisannuel et trois rubriques o\u00f9 sont publi\u00e9s tous les six mois des po\u00e8mes, des lectures de po\u00e8mes et des exp\u00e9riences d\u2019enseignement et d\u2019apprentissage.<\/span><a href=\"https:\/\/carnets-poediles.pergola-publications.fr\/\"> <span style=\"font-weight: 400;\">https:\/\/carnets-poediles.pergola-publications.fr\/<\/span><\/a><span style=\"font-weight: 400;\">\u00a0<\/span><\/p>\n<p><a href=\"http:\/\/sites-recherche.univ-rennes2.fr\/cellam\/wp-content\/uploads\/2023\/11\/carnets-de-poediles_appel-no2_finalites-poesie.vf_.pdf\">Texte de l&rsquo;appel<\/a><\/p>\n<hr \/>\n<h4><\/h4>\n<h4><strong>Colloque international <\/strong><em>\u00ab\u00a0Les mots nourrissent\u00a0\u00bb<\/em>. <em>R\u00e9ception et analyse de l\u2019\u0153uvre de Goliarda Sapienza<\/em><\/h4>\n<p><em><strong>21-22 mars 2024<\/strong><\/em><\/p>\n<p>Organisation: Manuela Spinelli<\/p>\n<p><strong>Appel \u00e0 communication<\/strong>: <a href=\"http:\/\/sites-recherche.univ-rennes2.fr\/cellam\/wp-content\/uploads\/2023\/07\/goliarda-sapienza.-les-mots-nourissent.pdf\">Goliarda Sapienza. Les mots nourissent<\/a><\/p>\n<p>&nbsp;<\/p>\n<p>&nbsp;<\/p>\n<hr \/>\n<p>&nbsp;<\/p>\n<h3><strong>Philosophies, \u00e9thiques et g\u00e9ographies boh\u00e8mes. <\/strong>Journ\u00e9e d&rsquo;\u00e9tudes du projet transversal \u00ab\u00a0Boh\u00e8mes. Cultures, d\u00e9viances, contre-cultures\u00a0\u00bb<\/h3>\n<p><a href=\"http:\/\/sites-recherche.univ-rennes2.fr\/cellam\/wp-content\/uploads\/2023\/05\/je-bohemes-2024-argumentaire-et-appel-a-communications.pdf\"><strong>Argumentaire<\/strong><\/a><\/p>\n<p><span style=\"font-family: Garamond, serif;\"><img loading=\"lazy\" decoding=\"async\" class=\"size-medium wp-image-2258 alignleft\" src=\"http:\/\/sites-recherche.univ-rennes2.fr\/cellam\/wp-content\/uploads\/2021\/10\/Adolf_Hohenstein_Al_quartiere_latino_per_La_Boheme_1896_-_Archivio_Storico_Ricordi_Encredechine_Tempera_surpapier-1-300x212.jpg\" alt=\"\" width=\"300\" height=\"212\" srcset=\"https:\/\/sites-recherche.univ-rennes2.fr\/cellam\/wp-content\/uploads\/2021\/10\/Adolf_Hohenstein_Al_quartiere_latino_per_La_Boheme_1896_-_Archivio_Storico_Ricordi_Encredechine_Tempera_surpapier-1-300x212.jpg 300w, https:\/\/sites-recherche.univ-rennes2.fr\/cellam\/wp-content\/uploads\/2021\/10\/Adolf_Hohenstein_Al_quartiere_latino_per_La_Boheme_1896_-_Archivio_Storico_Ricordi_Encredechine_Tempera_surpapier-1-1024x722.jpg 1024w, https:\/\/sites-recherche.univ-rennes2.fr\/cellam\/wp-content\/uploads\/2021\/10\/Adolf_Hohenstein_Al_quartiere_latino_per_La_Boheme_1896_-_Archivio_Storico_Ricordi_Encredechine_Tempera_surpapier-1-768x541.jpg 768w, https:\/\/sites-recherche.univ-rennes2.fr\/cellam\/wp-content\/uploads\/2021\/10\/Adolf_Hohenstein_Al_quartiere_latino_per_La_Boheme_1896_-_Archivio_Storico_Ricordi_Encredechine_Tempera_surpapier-1-920x649.jpg 920w, https:\/\/sites-recherche.univ-rennes2.fr\/cellam\/wp-content\/uploads\/2021\/10\/Adolf_Hohenstein_Al_quartiere_latino_per_La_Boheme_1896_-_Archivio_Storico_Ricordi_Encredechine_Tempera_surpapier-1.jpg 1200w\" sizes=\"auto, (max-width: 300px) 100vw, 300px\" \/>Les propositions de contribution \u00e0 la journ\u00e9e d\u2019\u00e9tudes<\/span><span style=\"color: #000000;\"><span style=\"font-family: Garamond, serif;\"> \u00ab Philosophies et g\u00e9ographies boh\u00e8mes\u00a0\u00bb qui se tiendra au printemps <\/span><\/span><span style=\"font-family: Garamond, serif;\">2024 (la date sera pr\u00e9cis\u00e9e ult\u00e9rieurement), assorties d\u2019un bref profil bio-bibliographique de l\u2019auteur.rice, <\/span><span style=\"color: #000000;\"><span style=\"font-family: Garamond, serif;\">sont \u00e0 envoyer aux quatre membres du comit\u00e9 d\u2019organisation <\/span><\/span><span style=\"color: #000000;\"><span style=\"font-family: Garamond, serif;\"><strong>avant le 31 octobre 2023<\/strong>.<\/span><\/span><span style=\"font-family: Garamond, serif;\"> Les actes de la journ\u00e9e d\u2019\u00e9tudes, comme des diff\u00e9rentes manifestations du projet (s\u00e9minaires 2022 et 2023, journ\u00e9e d\u2019\u00e9tudes 2024, colloque 2025), seront publi\u00e9s \u00e0 l\u2019issue de la tenue du projet quadriennal.<\/span><\/p>\n<p>&nbsp;<\/p>\n<p>&nbsp;<\/p>\n<hr \/>\n<h3><\/h3>\n<h3><\/h3>\n<h3><strong>Transmissions bris\u00e9es &#8211; Colloque organis\u00e9 par l&rsquo;axe 3 du CELLAM<\/strong><\/h3>\n<h4><strong>28-29 septembre 2023<\/strong><\/h4>\n<p><img loading=\"lazy\" decoding=\"async\" class=\"size-medium wp-image-3247 alignleft\" src=\"http:\/\/sites-recherche.univ-rennes2.fr\/cellam\/wp-content\/uploads\/2023\/01\/Transmissions-brisees-300x200.jpg\" alt=\"\" width=\"300\" height=\"200\" srcset=\"https:\/\/sites-recherche.univ-rennes2.fr\/cellam\/wp-content\/uploads\/2023\/01\/Transmissions-brisees-300x200.jpg 300w, https:\/\/sites-recherche.univ-rennes2.fr\/cellam\/wp-content\/uploads\/2023\/01\/Transmissions-brisees-1024x683.jpg 1024w, https:\/\/sites-recherche.univ-rennes2.fr\/cellam\/wp-content\/uploads\/2023\/01\/Transmissions-brisees-768x512.jpg 768w, https:\/\/sites-recherche.univ-rennes2.fr\/cellam\/wp-content\/uploads\/2023\/01\/Transmissions-brisees-1536x1024.jpg 1536w, https:\/\/sites-recherche.univ-rennes2.fr\/cellam\/wp-content\/uploads\/2023\/01\/Transmissions-brisees-2048x1365.jpg 2048w, https:\/\/sites-recherche.univ-rennes2.fr\/cellam\/wp-content\/uploads\/2023\/01\/Transmissions-brisees-920x613.jpg 920w\" sizes=\"auto, (max-width: 300px) 100vw, 300px\" \/><\/p>\n<p>La circulation et la transmission des textes,\u00a0 \u00e0 diverses \u00e9chelles, peuvent \u00eatre bris\u00e9es pour des raisons multiples. Les canons litt\u00e9raires s\u00e9lectifs, l\u2019\u00ab effet patrimoine \u00bb ou la patrimonialisation, les conjonctures socio-politiques, les politiques \u00e9ditoriales, les statuts des auteurs et des r\u00e9cepteurs, les pratiques de lecture et d\u2019apprentissage, l\u2019\u00e9volution des paradigmes esth\u00e9tiques, communicatifs, s\u00e9miotiques et linguistiques sont, parmi d\u2019autres, des facteurs pouvant intervenir dans l\u2019interruption des transmissions et des transferts culturels et contre-culturels.<\/p>\n<p>&nbsp;<\/p>\n<p>C\u2019est sur ce sujet qui concerne diverses disciplines que se d\u00e9roulera \u00e0 Rennes 2 le colloque \u201cTransmissions bris\u00e9es\u201d organis\u00e9 par l\u2019axe 3 du CELLAM les 28 et 29 septembre 2023.<\/p>\n<p>Vos propositions sont les bienvenues jusqu\u2019au 1er avril 2023.<\/p>\n<p>Pour proposer une communication, vous trouverez les modalit\u00e9s ci-dessous :<\/p>\n<ul>\n<li><a href=\"http:\/\/sites-recherche.univ-rennes2.fr\/cellam\/wp-content\/uploads\/2023\/01\/Transmissions-brisees_-CELLAM_appel-en-francais_Vfinale-2.pdf\">texte de l\u2019appel en langue fran\u00e7aise<\/a><\/li>\n<li><a href=\"http:\/\/sites-recherche.univ-rennes2.fr\/cellam\/wp-content\/uploads\/2023\/01\/Texte-dappel-en-espagnol-COLOQUIO-INTERNACIONAL-TRANSMISSIONS-BRISSEES-TRANSMISIONES-ROTAS.pdf\">texte de l\u2019appel en langue espagnole<\/a><\/li>\n<\/ul>\n<h3><\/h3>\n<hr \/>\n<h3><\/h3>\n<h3><strong>Journ\u00e9e d&rsquo;\u00e9tudes\u00a0<em>Vertus mn\u00e9moniques du th\u00e9\u00e2tre\u00a0<\/em><\/strong><\/h3>\n<p><strong>Org. groupe Phi, 31 mars 2023.<\/strong><\/p>\n<p><strong>Dir. Anne Teulade<\/strong><\/p>\n<p><strong><img loading=\"lazy\" decoding=\"async\" class=\"alignnone size-medium wp-image-3065\" src=\"http:\/\/sites-recherche.univ-rennes2.fr\/cellam\/wp-content\/uploads\/2022\/10\/s-86ba4e6599ccb4e48cbccd86c84384854b3cce23-300x267.jpg\" alt=\"\" width=\"300\" height=\"267\" srcset=\"https:\/\/sites-recherche.univ-rennes2.fr\/cellam\/wp-content\/uploads\/2022\/10\/s-86ba4e6599ccb4e48cbccd86c84384854b3cce23-300x267.jpg 300w, https:\/\/sites-recherche.univ-rennes2.fr\/cellam\/wp-content\/uploads\/2022\/10\/s-86ba4e6599ccb4e48cbccd86c84384854b3cce23.jpg 635w\" sizes=\"auto, (max-width: 300px) 100vw, 300px\" \/><\/strong><\/p>\n<p>Le th\u00e9\u00e2tre est un art \u00e9ph\u00e9m\u00e8re. La fiction sc\u00e9nique s\u2019actualise le temps d\u2019une repr\u00e9sentation vou\u00e9e \u00e0 la disparition de sorte que les archives du th\u00e9\u00e2tre sont trou\u00e9es d\u2019oublis et requi\u00e8rent une m\u00e9thodologie sp\u00e9cifique.<\/p>\n<p>Cet art qui ne prend forme que dans le pr\u00e9sent entretient n\u00e9anmoins un rapport multiforme au pass\u00e9 et \u00e0 la m\u00e9moire. D\u2019abord parce qu\u2019il mobilise la m\u00e9moire de l\u2019acteur et sollicite celle du spectateur\u00a0: dans la subjectivit\u00e9 de ce dernier se superposent nombre de repr\u00e9sentations pass\u00e9es de la m\u00eame pi\u00e8ce qui en viennent \u00e0 \u00e9laborer un \u00ab\u00a0mus\u00e9e imaginaire\u00a0\u00bb (Banu). Ensuite parce que les \u0153uvres r\u00e9activent fr\u00e9quemment un pass\u00e9 culturel ou factuel\u00a0: de la trag\u00e9die grecque qui \u00ab\u00a0r\u00e9veille la m\u00e9moire des dieux\u00a0\u00bb (Bouvier-Cavoret) ou r\u00e9active celle des guerres r\u00e9centes contre les Perses au th\u00e9\u00e2tre m\u00e9moriel contemporain, en passant par les pi\u00e8ces d\u2019histoires r\u00e9centes de la premi\u00e8re modernit\u00e9 qui font \u00e9tat des guerres de religion, des conqu\u00eates coloniales ou des proc\u00e8s de sorci\u00e8res, le th\u00e9\u00e2tre est hant\u00e9 par le pass\u00e9.<\/p>\n<p>La vocation m\u00e9morielle du th\u00e9\u00e2tre contemporain est \u00e0 pr\u00e9sent bien d\u00e9frich\u00e9e\u00a0: du th\u00e9\u00e2tre probl\u00e9matisant la notion d\u2019h\u00e9ritage et s\u2019interrogeant sur les possibilit\u00e9s de convoquer la voix des oubli\u00e9s jusqu\u2019au th\u00e9\u00e2tre documentaire, le corpus consacr\u00e9 aux traumatismes a engendr\u00e9 nombre de recherches et de projets.<\/p>\n<p>Le th\u00e9\u00e2tre de m\u00e9moire ne se limite cependant pas \u00e0 ces corpus m\u00e9moriels\u00a0: le lien \u00e9troit du th\u00e9\u00e2tre de Shakespeare \u00e0 la m\u00e9moire a \u00e9t\u00e9 soulign\u00e9, les \u00e9tudes diachroniques sur le spectre, figure du retour du pass\u00e9\u00a0: la vertu mn\u00e9monique du th\u00e9\u00e2tre n\u2019est pas seulement une probl\u00e9matique contemporaine, ni m\u00eame seulement une efficience visant la convocation des traumatismes collectifs.<\/p>\n<p>Les affinit\u00e9s entre dispositif th\u00e9\u00e2tral et activation de la m\u00e9moire sont manifest\u00e9es dans les fameux \u00ab\u00a0th\u00e9\u00e2tres de la m\u00e9moire\u00a0\u00bb renaissants. La m\u00e9moire \u00e9tant con\u00e7ue depuis l\u2019Antiquit\u00e9, comme un ensemble de \u00ab\u00a0lieux mn\u00e9moniques\u00a0\u00bb, l\u2019activit\u00e9 mn\u00e9sique est favoris\u00e9e par la visualisation d\u2019espaces \u00e0 compartiments. Si le th\u00e9\u00e2tre de m\u00e9moire de Giulio Camillo prend plut\u00f4t la forme d\u2019un grand meuble dot\u00e9 de tiroirs, le th\u00e9\u00e2tre de la m\u00e9moire de Robert Fludd et John Willis se mod\u00e8le sur le th\u00e9\u00e2tre du Globe \u2013 sur un espace litt\u00e9ralement, et non plus m\u00e9taphoriquement, sc\u00e9nique. Or la subtilit\u00e9 de ce mod\u00e8le r\u00e9side non seulement dans le potentiel mn\u00e9monique dont il dote l\u2019espace sc\u00e9nique, mais \u00e9galement dans le travail de la m\u00e9moire qu\u2019il suppose, par le lien entre le visible et le cach\u00e9\u00a0: les coulisses figurent la m\u00e9moire sollicit\u00e9e et la fiction th\u00e9\u00e2trale implique plus que les \u00e9v\u00e9nements mis en sc\u00e8ne. Elle en appelle au souvenir du spectateur, \u00e0 une extension fictionnelle, imaginaire de l\u2019action.<\/p>\n<p>Nous proposons donc, dans cette journ\u00e9e d\u2019\u00e9tudes, d\u2019aborder les vertus mn\u00e9moniques du th\u00e9\u00e2tre, sans nous limiter \u00e0 sa vocation m\u00e9morielle.<\/p>\n<p>On pourra par exemple examiner comment l\u2019intrigue et le dispositif th\u00e9\u00e2traux sont susceptibles de donner forme aux m\u00e9andres de la m\u00e9moire ou de faire advenir le souvenir enfoui. \u00c0 la diff\u00e9rence du genre romanesque propice \u00e0 l\u2019exploration de l\u2019int\u00e9riorit\u00e9, \u00e0 l\u2019entrelacement des temporalit\u00e9s et des points de vue, le th\u00e9\u00e2tre doit en effet inventer des formes innovantes pour faire surgir la m\u00e9moire. Le fant\u00f4me n\u2019est que l\u2019une d\u2019elles\u00a0: il est aussi des sc\u00e9narisations d\u2019intrigues, des montages narratifs et des superpositions d\u2019images aptes \u00e0 mod\u00e9liser le travail mn\u00e9monique.<\/p>\n<p>On pourra \u00e9galement s\u2019interroger sur la mani\u00e8re dont le texte de th\u00e9\u00e2tre ou sa mise en sc\u00e8ne convoquent la m\u00e9moire du spectateur, de mani\u00e8re \u00e0 doter le repr\u00e9sent\u00e9 d\u2019un surplus de sens\u00a0: l\u2019activation de certaines images po\u00e9tiques, la reprise intertextuelle ou la citation sont susceptibles de hanter le spectacle et de faire travailler l\u2019interpr\u00e9tation au-del\u00e0 m\u00eame de l\u2019action mise en sc\u00e8ne \u2013 il en va ainsi dans <em>Le Songe d\u2019une nuit d\u2019\u00e9t\u00e9 <\/em>de Shakespeare.<\/p>\n<p>Cette journ\u00e9e, qui r\u00e9sonne avec le programme d\u2019agr\u00e9gation <em>Th\u00e9\u00e2tres de l\u2019amour et de la m\u00e9moire<\/em>, s\u2019inscrit dans le projet quadriennal du groupe Phi \u00ab\u00a0Vertus et vanit\u00e9s de la litt\u00e9rature\u00a0\u00bb. Il s\u2019agira donc d\u2019examiner dans quelle mesure le th\u00e9\u00e2tre est dot\u00e9 de puissante vertus mn\u00e9moniques, mais aussi d\u2019\u00e9voquer les \u00e9ventuelles apories auxquelles l\u2019art se heurte.<\/p>\n<p>&nbsp;<\/p>\n<p><strong>Bibliographie indicative\u00a0:<\/strong><\/p>\n<p>Amiel Vincent et Farcy G\u00e9rard-Denis (dir.), <em>M\u00e9moire en \u00e9veil. Archives en cr\u00e9ation. Le point de vue du th\u00e9\u00e2tre et du cin\u00e9ma<\/em>, Vic La Gardiole, L\u2019Entretemps \u00e9ditions, 2006\u00a0(articles de Didier Plassard, \u00ab\u00a0La sc\u00e8ne peut-elle \u00eatre un lieu de m\u00e9moire\u00a0?\u00a0\u00bb et Georges Banu, \u00ab\u00a0L\u2019oubli et \u201cla forme de l\u2019absence\u201d\u00a0\u00bb).<\/p>\n<p>Angel-Perez, \u00c9lisabeth, <em>Voyage au bout du possible. Les th\u00e9\u00e2tres du traumatisme de Samuel Beckett \u00e0 Sarah Kane<\/em>, Paris, Klincksieck, coll. \u00ab\u00a0Angle ouvert\u00a0\u00bb, 2006.<\/p>\n<p>Banu Georges, <em>Les M\u00e9moires du th\u00e9\u00e2tre. Essai<\/em>, Arles, Actes Sud, coll. \u00ab\u00a0Le temps du th\u00e9\u00e2tre\u00a0\u00bb, 2005 [1987].<\/p>\n<p>Beddows Jo\u00ebl, Frappier Louise (dir.), <em>Histoire et m\u00e9moire au th\u00e9\u00e2tre\u00a0: perspectives contemporaines<\/em>, Qu\u00e9bec, Presses de l\u2019universit\u00e9 Laval, 2016.<\/p>\n<p>Berthoz Alain, Scheid John (dir.), <em>Les Arts de la m\u00e9moire et les images mentales<\/em>, Paris, Coll\u00e8ge de France, 2018.\u00a0(articles de Ruth Webb \u00ab\u00a0<em>La Galerie de tableaux <\/em>de Philostrate\u00a0: vision, m\u00e9moire et espace\u00a0\u00bb et Lina Bolzoni, \u00ab\u00a0Th\u00e9\u00e2tre de m\u00e9moire \u00e0 la renaissance\u00a0: po\u00e8mes et galeries de peinture\u00a0\u00bb).<\/p>\n<p>Biet, Christian et Mesnard, Philippe (dir.), <em>T\u00e9moigner entre histoire et m\u00e9moire\/Testimony between History and Memory<\/em>, \u00ab\u00a0Violences radicales en sc\u00e8ne\u00a0\u00bb, 121, 2015\/2, p. 46-107.<\/p>\n<p>Bouvier Cavoret Anne (dir.), <em>Th\u00e9\u00e2tre et m\u00e9moire\u00a0: actes du colloque international organis\u00e9 par le Laboratoire Th\u00e9\u00e2tre, langages et soci\u00e9t\u00e9s, Avignon, les 17, 18 et 19 novembre 1999<\/em>, Paris, Ophrys, 2002.<\/p>\n<p>Denizot, Marion (dir.), <em>Les Oublis de l\u2019histoire du th\u00e9\u00e2tre<\/em>, dossier de la<em> Revue d\u2019Histoire du Th\u00e9\u00e2tre<\/em>, 270, 2016.\u00a0(notamment l\u2019introduction \u00ab\u00a0L\u2019histoire du th\u00e9\u00e2tre au prisme de l\u2019oubli\u00a0\u00bb).<\/p>\n<p>Dubosquet Lairys Fran\u00e7oise (dir.), <em>Les Failles de la m\u00e9moire : th\u00e9\u00e2tre, cin\u00e9ma, po\u00e9sie et roman, les mots contre l\u2019oubli<\/em>, Rennes, Presses universitaires de Rennes, 2016.\u00a0(articles de Sophie Lucet, \u00ab\u00a0Les dramaturgies de la Shoah ou l\u2019envers des images\u00a0\u00bb et Alice Vennemann, \u00ab\u00a0La voix comme voie du souvenir\u00a0\u00bb).<\/p>\n<p>H\u00e4hnel-Mesnard Carola, Li\u00e9nard-Yeterian Marie et Marinas Cristina (dir.), <em>Culture et m\u00e9moire. Repr\u00e9sentations contemporaines de la m\u00e9moire dans les espaces m\u00e9moriels, les arts du visuel, la litt\u00e9rature et le th\u00e9\u00e2tre<\/em>, Palaiseau, Les \u00e9ditions de l\u2019\u00e9cole Polytechnique, 2008,\u00ab\u00a0Repr\u00e9sentations th\u00e9\u00e2trales de la m\u00e9moire\u00a0\u00bb, p. 475-520.\u00a0(Leila Adham, \u00ab\u00a0M\u00e9moire et po\u00e9tique de la spectralit\u00e9. Le fant\u00f4me comme figure de lutte contre l\u2019oubli\u00a0\u00bb, Annick Asso, \u00ab\u00a0Le t\u00e9moignage comme mode de repr\u00e9sentation de la Shoah au th\u00e9\u00e2tre\u00a0\u00bb, Carole Guidicelli, \u00ab\u00a0le th\u00e9\u00e2tre documentaire. Pour la constitution d\u2019une m\u00e9moire commune\u00a0?\u00a0\u00bb).<\/p>\n<p>Hiscock Andrew, Perkins Wilder Lina, <em>The Routledge Handbook of Shakespeare and Memory<\/em>, Routledge, 2018.<\/p>\n<p>Lavocat Fran\u00e7oise et Lecercle Fran\u00e7ois (dir.), <em>Dramaturgies de l\u2019ombre<\/em>, Rennes, PUR, 2005.<\/p>\n<p>Ligier-Degauque Isabelle et Teulade Anne, <em>La M\u00e9moire de la blessure au th\u00e9\u00e2tre. Mise en fiction et interrogation du traumatisme de la Renaissance au XXI<sup>e<\/sup> si\u00e8cle<\/em>, Rennes, PUR, 2018.<\/p>\n<p>Lees-Jeffries Hester, <em>Shakespeare and Memory<\/em>, Oxford, Oxford University Press, 2013.<\/p>\n<p>Page, Christiane (dir.), <em>\u00c9critures th\u00e9\u00e2trales du traumatisme. \u00c9critures de la r\u00e9sistance<\/em>, Rennes, PUR, coll. \u00ab\u00a0Le Spectaculaire\u00a0\u00bb, 2012.<\/p>\n<p>Perkins-Wilder, Lina, <em>Shakespeare\u2019s Memory Theatre. Recollection, Properties and Character<\/em>, Cambridge, Cambridge University Press, 2010\u00a0(notamment l\u2019introduction\u00a0: \u00ab\u00a0Staging Memory\u00a0\u00bb).<\/p>\n<p>Sarrazac, Jean-Pierre, Naugrette, Catherine et Banu, Georges (dir.), <em>Le Geste de t\u00e9moigner. <\/em><em>Un dispositif pour le th\u00e9\u00e2tre<\/em>, <em>\u00c9tudes th\u00e9\u00e2trales<\/em>, 51-52, 2011.<\/p>\n<p>Sullivan Garrett A., <em>Memory and Forgetting in English Renaissance\u00a0Drama. Shakespeare, Marlowe,\u00a0Webster, <\/em>Cambridge University Press, 2005.<\/p>\n<p>Teulade, Anne, <em>Le Th\u00e9\u00e2tre de l\u2019interpr\u00e9tation. L\u2019histoire imm\u00e9diate en sc\u00e8ne<\/em>, Paris, Classiques Garnier, 2021.<\/p>\n<p>Vigeant, Louise, \u00ab\u00a0Th\u00e9\u00e2tre de la m\u00e9moire, m\u00e9moire du th\u00e9\u00e2tre\u00a0\u00bb, <em>Jeu<\/em>, n\u00b050, 1989, p. 200-205.<\/p>\n<p>Yates Frances<em>, L\u2019Art de la m\u00e9moire<\/em>, trad. D. Arasse, Paris, Gallimard, 1994\u00a0(notamment p. 367-394\u00a0: \u00ab\u00a0Le th\u00e9\u00e2tre de m\u00e9moire de Fludd et le Globe Theatre\u00a0\u00bb)<\/p>\n<p><strong>\u00a0<\/strong><\/p>\n<h3><\/h3>\n<h3><strong>Colloque CELLAM: \u00ab\u00a0La dispersion\u00a0\u00bb, 21-22 juin 2023, Rennes 2<br \/>\n<\/strong><\/h3>\n<p><strong><img loading=\"lazy\" decoding=\"async\" class=\"alignnone size-medium wp-image-2516\" src=\"http:\/\/sites-recherche.univ-rennes2.fr\/cellam\/wp-content\/uploads\/2022\/01\/PISSENLIT-1-300x298.jpg\" alt=\"\" width=\"300\" height=\"298\" \/><\/strong><\/p>\n<p><strong>Appel \u00e0 communication: <\/strong><strong><a href=\"http:\/\/sites-recherche.univ-rennes2.fr\/cellam\/wp-content\/uploads\/2022\/01\/Colloque-CELLAM-appel-dispersion.pdf\">Colloque CELLAM appel dispersion<\/a><\/strong><\/p>\n<p>&nbsp;<\/p>\n<hr \/>\n<p><strong>Appel \u00e0 communication: s\u00e9minaire des m\u00e9di\u00e9vistes pour la p\u00e9riode septembre 2023- juin 2026<\/strong><\/p>\n<p><strong>SEMINaire \u00ab\u00a0Parler de foutre\u00a0\u00bb\u00a0:<\/strong><\/p>\n<p><strong>le sexe dans les textes m\u00e9di\u00e9vaux, \u00e9tude po\u00e9tique et r\u00e9ception (XIe-XXIe s.)<\/strong><\/p>\n<p><strong><a href=\"http:\/\/sites-recherche.univ-rennes2.fr\/cellam\/wp-content\/uploads\/2022\/09\/CETM-appel-sem-sex-ann\u00e9es-3-4-et-5-FP.docx\">CETM appel seminaire sex ann\u00e9es 3 4 et 5 <\/a><\/strong><\/p>\n<hr \/>\n<h4><strong style=\"font-size: 1.625rem;\"><em>Jean de Saint-Samson<\/em><\/strong><strong> <img loading=\"lazy\" decoding=\"async\" class=\"size-medium wp-image-2085 alignleft\" src=\"http:\/\/sites-recherche.univ-rennes2.fr\/cellam\/wp-content\/uploads\/2021\/07\/portrait_DSN-273x300.jpg\" alt=\"\" width=\"273\" height=\"300\" srcset=\"https:\/\/sites-recherche.univ-rennes2.fr\/cellam\/wp-content\/uploads\/2021\/07\/portrait_DSN-273x300.jpg 273w, https:\/\/sites-recherche.univ-rennes2.fr\/cellam\/wp-content\/uploads\/2021\/07\/portrait_DSN-933x1024.jpg 933w, https:\/\/sites-recherche.univ-rennes2.fr\/cellam\/wp-content\/uploads\/2021\/07\/portrait_DSN-768x843.jpg 768w, https:\/\/sites-recherche.univ-rennes2.fr\/cellam\/wp-content\/uploads\/2021\/07\/portrait_DSN-920x1010.jpg 920w, https:\/\/sites-recherche.univ-rennes2.fr\/cellam\/wp-content\/uploads\/2021\/07\/portrait_DSN.jpg 1133w\" sizes=\"auto, (max-width: 273px) 100vw, 273px\" \/><\/strong><\/h4>\n<h3>Colloque international, Archives d\u2019Ille-et-Vilaine, 29-30 septembre et 1er octobre 2022<\/h3>\n<p>&nbsp;<\/p>\n<ul>\n<li>Date limite d\u2019envoi des propositions : <strong>15 octobre 2021<\/strong><\/li>\n<li><strong><a href=\"http:\/\/sites-recherche.univ-rennes2.fr\/cellam\/wp-content\/uploads\/2021\/07\/JdSS_projet_colloque.pdf\">Appel \u00e0 contributions <\/a><\/strong><\/li>\n<li>Contact CELLAM :\u00a0<strong><a href=\"mailto:francois.tremolieres@univ-rennes2.fr\">francois.tremolieres@univ-rennes2.fr<\/a><\/strong><\/li>\n<\/ul>\n<p>Mystique carme du d\u00e9but du XVIIe si\u00e8cle, r\u00e9formateur de son ordre en Bretagne, Jean de Saint-Samson (1571-1636) a laiss\u00e9 une oeuvre consid\u00e9rable, pourtant mal connue, ne serait-ce que par l\u2019\u00e9cart entre les manuscrits (conserv\u00e9s aux Archives d\u00e9partementales de Rennes) et ce qui a \u00e9t\u00e9 publi\u00e9 : ainsi des po\u00e8mes, pratiquement tous in\u00e9dits. Ce colloque est le premier \u00e0 lui \u00eatre consacr\u00e9, en lien avec l\u2019entreprise \u00e9ditoriale des <i>\u0152uvres compl\u00e8tes.<\/i><i><\/i><\/p>\n<hr \/>\n<p><img loading=\"lazy\" decoding=\"async\" class=\" wp-image-1963 alignleft\" src=\"http:\/\/sites-recherche.univ-rennes2.fr\/cellam\/wp-content\/uploads\/2021\/05\/Penone-300x249.jpg\" alt=\"Penone, (extrait d'oeuvre) mus\u00e9e des beaux arts de Grenoble, 2015\" width=\"334\" height=\"277\" srcset=\"https:\/\/sites-recherche.univ-rennes2.fr\/cellam\/wp-content\/uploads\/2021\/05\/Penone-300x249.jpg 300w, https:\/\/sites-recherche.univ-rennes2.fr\/cellam\/wp-content\/uploads\/2021\/05\/Penone.jpg 347w\" sizes=\"auto, (max-width: 334px) 100vw, 334px\" \/><\/p>\n<h4><strong style=\"font-size: 1.625rem;\"><em>PO\u00c8ME \/ SC\u00c8NE \/ VID\u00c9O : enjeux et approches didactiques de la po\u00e9sie<\/em><\/strong><\/h4>\n<h3 style=\"text-align: left;\"><em>Carnets de Po\u00e9diles<\/em> n\u00b0 1<\/h3>\n<p>&nbsp;<\/p>\n<p>Comment enseigner la r\u00e9ception d\u2019une \u0153uvre po\u00e9tique perform\u00e9e, en direct ou film\u00e9e ? Comment inscrire la pr\u00e9sentation d\u2019une vid\u00e9o de po\u00e9sie dans un projet d\u2019apprentissage ? Qu&rsquo;apprennent v\u00e9ritablement les \u00e9l\u00e8ves \u00e0 travers ces projets ? Comment travailler l\u2019\u00e9coute et l\u2019interpr\u00e9tation des po\u00e8mes tout autant que le dire et la mise en voix ?<\/p>\n<p>Pour ce premier num\u00e9ro des <em>Carnets de Po\u00e9diles<\/em>, nous souhaitons que l\u2019enseignement de la po\u00e9sie soit interrog\u00e9 dans des contextes vari\u00e9s et du point de vue de diff\u00e9rentes disciplines : la litt\u00e9rature, le fran\u00e7ais langue \u00e9trang\u00e8re, les langues vivantes, les langues anciennes, les arts\u2026 de l\u2019\u00e9cole maternelle \u00e0 l\u2019universit\u00e9. Les articles seront propos\u00e9s en langue fran\u00e7aise mais ils peuvent s\u2019appuyer sur des investigations didactiques r\u00e9alis\u00e9es dans toutes les langues.<\/p>\n<p>Le texte de l&rsquo;appel se trouve sur le site de la <a href=\"https:\/\/www.mshb.fr\/actualites_mshb\/appel-a-contributions\/7483\/\">MSHB<\/a> et <a href=\"http:\/\/sites-recherche.univ-rennes2.fr\/cellam\/wp-content\/uploads\/2021\/05\/APPEL-n\u00b01-Carnets-de-Po\u00e9diles-\u00e0-diffuser.pdf\">ici.<\/a><\/p>\n<p><strong>Calendrier<\/strong> :<\/p>\n<ul>\n<li><strong>1er octobre 2021<\/strong> : propositions \u00e0 adresser \u00e0 <strong>poediles@gmail.com<\/strong>, <strong>christine.boutevin@umontpellier.fr<\/strong> et <strong>nathalie.rannou@univ-rennes2.fr<\/strong>.<\/li>\n<li><strong>15 f\u00e9vrier 2022<\/strong> : r\u00e9ception des articles (entre 30 et 40000 signes espaces compris).<\/li>\n<li><strong>15 mai\u00a0 2022<\/strong> : version d\u00e9finitive des articles remise par les auteurs.<\/li>\n<li>La publication est pr\u00e9vue en 2022-2023.<\/li>\n<\/ul>\n<p>Les articles feront l&rsquo;objet d&rsquo;une double expertise anonyme.<\/p>\n<hr \/>\n<p><img loading=\"lazy\" decoding=\"async\" class=\"size-medium wp-image-1507 alignleft\" src=\"http:\/\/sites-recherche.univ-rennes2.fr\/cellam\/wp-content\/uploads\/2021\/03\/Klimt-Beethoven-Fries-300x200.jpg\" alt=\"\" width=\"300\" height=\"200\" srcset=\"https:\/\/sites-recherche.univ-rennes2.fr\/cellam\/wp-content\/uploads\/2021\/03\/Klimt-Beethoven-Fries-300x200.jpg 300w, https:\/\/sites-recherche.univ-rennes2.fr\/cellam\/wp-content\/uploads\/2021\/03\/Klimt-Beethoven-Fries-768x512.jpg 768w, https:\/\/sites-recherche.univ-rennes2.fr\/cellam\/wp-content\/uploads\/2021\/03\/Klimt-Beethoven-Fries.jpg 800w\" sizes=\"auto, (max-width: 300px) 100vw, 300px\" \/><strong style=\"font-size: 1.625rem;\"><em>Beethoven, compositeur autrichien ?<\/em><\/strong><\/p>\n<h3>Num\u00e9ro th\u00e9matique de la revue \u00ab\u00a0<em>Austriaca\u00a0\u00bb<\/em><\/h3>\n<ul>\n<li>Date limite d&rsquo;envoi des propositions : <strong>30 avril 2021 <\/strong><\/li>\n<li>Appel \u00e0 contribution en fran\u00e7ais et allemand: <strong><a href=\"http:\/\/sites-recherche.univ-rennes2.fr\/cellam\/wp-content\/uploads\/2021\/03\/CFP-Beethoven.pdf\">CFP Beethoven<\/a><\/strong><\/li>\n<li>Propositions \u00e0 adresser \u00e0 <strong>jean-francois.candoni@univ-rennes2.fr<\/strong><\/li>\n<\/ul>\n<p>Les propositions d\u2019articles, accompagn\u00e9es d\u2019une br\u00e8ve pr\u00e9sentation argument\u00e9e, devront \u00eatre adress\u00e9es d\u2019ici le 30 avril 2021 \u00e0 Jean-Fran\u00e7ois Candoni (Universit\u00e9 Rennes 2). La remise des contributions (ensuite soumises \u00e0 expertise aupr\u00e8s du comit\u00e9 de lecture de la revue Austriaca) est souhait\u00e9e pour le 30 septembre 2021.<\/p>\n<hr \/>\n<p><img loading=\"lazy\" decoding=\"async\" class=\"wp-image-1736 alignleft\" src=\"http:\/\/sites-recherche.univ-rennes2.fr\/cellam\/wp-content\/uploads\/2021\/03\/mc3a9lusine-julius-hubner-300x198.jpg\" alt=\"\" width=\"443\" height=\"293\" srcset=\"https:\/\/sites-recherche.univ-rennes2.fr\/cellam\/wp-content\/uploads\/2021\/03\/mc3a9lusine-julius-hubner-300x198.jpg 300w, https:\/\/sites-recherche.univ-rennes2.fr\/cellam\/wp-content\/uploads\/2021\/03\/mc3a9lusine-julius-hubner.jpg 455w\" sizes=\"auto, (max-width: 443px) 100vw, 443px\" \/><\/p>\n<p><strong style=\"font-size: 1.625rem;\"><em><strong>Morgane, M\u00e9lusine, Viviane: les f\u00e9es apr\u00e8s le Moyen \u00c2ge, r\u00e9ception, hybridations et r\u00e9appropriations de trois figures f\u00e9eriques m\u00e9di\u00e9vales<\/strong><\/em><\/strong><\/p>\n<h3>Journ\u00e9e d&rsquo;\u00e9tude du Centre d&rsquo;Etude des Textes M\u00e9di\u00e9vaux, (29 octobre 2021)<\/h3>\n<ul>\n<li><a href=\"http:\/\/sites-recherche.univ-rennes2.fr\/cellam\/wp-content\/uploads\/2021\/03\/appel-fees-CETM.pdf\" target=\"_blank\" rel=\"noopener\">Consultez l&rsquo;appel \u00e0 communications<\/a><\/li>\n<\/ul>\n<p>&nbsp;<\/p>\n<hr \/>\n<h4><strong><img loading=\"lazy\" decoding=\"async\" class=\" wp-image-1675 alignleft\" src=\"http:\/\/sites-recherche.univ-rennes2.fr\/cellam\/wp-content\/uploads\/2021\/03\/screen-shot-2018-01-19-at-16-39-38-300x222.png\" alt=\"\" width=\"343\" height=\"254\" srcset=\"https:\/\/sites-recherche.univ-rennes2.fr\/cellam\/wp-content\/uploads\/2021\/03\/screen-shot-2018-01-19-at-16-39-38-300x222.png 300w, https:\/\/sites-recherche.univ-rennes2.fr\/cellam\/wp-content\/uploads\/2021\/03\/screen-shot-2018-01-19-at-16-39-38.png 410w\" sizes=\"auto, (max-width: 343px) 100vw, 343px\" \/><\/strong><\/h4>\n<h4><strong style=\"font-size: 1.625rem;\"><em>Parler de foutre<\/em><\/strong><\/h4>\n<h3>Nouveau s\u00e9minaire du Centre d&rsquo;Etude des Textes M\u00e9di\u00e9vaux<\/h3>\n<p>&nbsp;<\/p>\n<ul>\n<li>Date limite d&rsquo;envoi des propositions : <strong>15 juillet 2021<\/strong><\/li>\n<li>Appel \u00e0 contribution:\u00a0<strong><a href=\"http:\/\/sites-recherche.univ-rennes2.fr\/cellam\/wp-content\/uploads\/2021\/03\/appel-semin-sex-pdf-1.pdf\">Parler de foutre<\/a><\/strong><\/li>\n<li>Propositions \u00e0 adresser \u00e0 <strong><a href=\"mailto:fabienne.pomel@univ-rennes2.fr\">fabienne.pomel@univ-rennes2.fr<\/a><\/strong> et\u00a0<strong><a href=\"mailto:christine.ferlampin-acher@univ-rennes2.fr\">christine.ferlampin-acher@univ-rennes2.fr<\/a><\/strong><\/li>\n<\/ul>\n<p>\u00ab\u00a0Parler de foutre\u00a0\u00bb (titre tronqu\u00e9 du fabliau\u00a0<i>La demoiselle qui ne pooit o\u00efr parler de foutre<\/i>) met l\u2019accent sur la question du mot et de la chose. Comment dire ou ne pas dire ? Entre tabou, ellipse, m\u00e9taphore, euph\u00e9misme ou litote, comment les divers genres litt\u00e9raires m\u00e9di\u00e9vaux construisent-ils une po\u00e9tique associ\u00e9e au corps et \u00e0 l&rsquo;acte sexuel?<\/p>\n<p>&nbsp;<\/p>\n<div>\n<hr \/>\n<h4><img loading=\"lazy\" decoding=\"async\" class=\"alignleft\" src=\"http:\/\/sites-recherche.univ-rennes2.fr\/cellam\/wp-content\/uploads\/2021\/02\/IMG_20210307_170900790-rotated-e1615533262784.jpg\" width=\"300\" height=\"386\" \/><\/h4>\n<h4><strong style=\"font-size: 1.625rem;\"><em>Glocal Street Art. Lieux, identit\u00e9s, r\u00e9cits<\/em><\/strong><\/h4>\n<h3>Colloque international (24-26 f\u00e9vrier 2022)<\/h3>\n<p>&nbsp;<\/p>\n<ul>\n<li>Date limite d&rsquo;envoi des propositions : <strong>25 avril 2021<\/strong><\/li>\n<li><a href=\"http:\/\/sites-recherche.univ-rennes2.fr\/cellam\/wp-content\/uploads\/2021\/02\/Glocal-Street-Art-CfP-FR.pdf\"><strong>Appel \u00e0 communications<\/strong><\/a> (FR) \/\u00a0<strong><a href=\"http:\/\/sites-recherche.univ-rennes2.fr\/cellam\/wp-content\/uploads\/2021\/02\/Glocal-Street-Art-CfP-EN.pdf\">Call for papers<\/a><\/strong> (EN)<\/li>\n<li><span class=\"Apple-converted-space\">Propositions \u00e0 adresser \u00e0 <\/span><strong><a href=\"mailto:juliette.legall188@gmail.com\">juliette.legall188@gmail.com<\/a><\/strong><\/li>\n<\/ul>\n<p><span style=\"font-size: 1rem;\">Si la plupart des \u0153uvres r\u00e9alis\u00e9es sans autorisation dans l\u2019espace public sont <\/span><em style=\"font-size: 1rem;\">in situ<\/em><span style=\"font-size: 1rem;\">, les images photographiques qui en sont faites circulent abondamment hors site. Cependant, les images des \u0153uvres ne sont pas les \u0153uvres. <\/span>Le sens de l\u2019\u0153uvre varie-t-il en fonction de sa situation de mise en visibilit\u00e9 ? Quels r\u00e9cits v\u00e9hiculent ces nouvelles pratiques de l\u2019art contemporain ? Comment se construisent les identit\u00e9s culturelles et\/ou territoriales au croisement de ces spatialit\u00e9s et dimensions diverses ?<\/p>\n<\/div>\n<p>&nbsp;<\/p>\n<hr \/>\n<h2>Revue TransversALL &#8211; Appel \u00e0 contributions et \u00e0 candidatures \u00e0 destination des doctorant.es<\/h2>\n<p>TransversALL, la revue officielle de l\u2019\u00c9cole Doctorale Arts, Lettres, Langues, diffuse trois appels \u00e0 destination des doctorant.es des universit\u00e9s de Bretagne et des Pays de la Loire\u00a0:<\/p>\n<ul>\n<li><a href=\"https:\/\/transversall.hypotheses.org\/478\" target=\"_blank\" rel=\"noopener\" data-saferedirecturl=\"https:\/\/www.google.com\/url?q=https:\/\/transversall.hypotheses.org\/478&amp;source=gmail&amp;ust=1608126067453000&amp;usg=AFQjCNERXzkTlUVDG_CqLovDHpe7JqP07w\">Appel \u00e0 contributions pour la rubrique Varia\u00a0<\/a>(date limite\u00a0: 4 janvier 2021)<\/li>\n<li><a href=\"https:\/\/transversall.hypotheses.org\/312\" target=\"_blank\" rel=\"noopener\" data-saferedirecturl=\"https:\/\/www.google.com\/url?q=https:\/\/transversall.hypotheses.org\/312&amp;source=gmail&amp;ust=1608126067453000&amp;usg=AFQjCNEj0gy6aHozOSpR8Rz9Ea88xDNqbQ\">Appel \u00e0 candidatures pour le comit\u00e9 de lecture\u00a0<\/a>(date limite\u00a0: 4 janvier 2021)<\/li>\n<li><a href=\"https:\/\/transversall.hypotheses.org\/627\" target=\"_blank\" rel=\"noopener\" data-saferedirecturl=\"https:\/\/www.google.com\/url?q=https:\/\/transversall.hypotheses.org\/627&amp;source=gmail&amp;ust=1608126067453000&amp;usg=AFQjCNELzet9KgX8mQNV0-83FTPgfajxtQ\">Appel \u00e0 candidatures pour le comit\u00e9 \u00e9ditorial<\/a> (date limite\u00a0: 1er mai 2021).<\/li>\n<\/ul>\n<p>Toute participation \u00e0 la revue TransversALL donne lieu \u00e0 la validation d\u2019heures de formation doctorale.<\/p>\n<p>Pour plus d\u2019informations, le site de la revue\u00a0: <a href=\"https:\/\/transversall.hypotheses.org\/\" target=\"_blank\" rel=\"noopener\" data-saferedirecturl=\"https:\/\/www.google.com\/url?q=https:\/\/transversall.hypotheses.org\/&amp;source=gmail&amp;ust=1608126067453000&amp;usg=AFQjCNF6zv9BR5b4iIQa5oykiabgBQdYRg\">https:\/\/transversall.<wbr \/>hypotheses.org\/<\/a><\/p>\n<p>&nbsp;<\/p>\n","protected":false},"excerpt":{"rendered":"<p>&nbsp; Journ\u00e9e d&rsquo;\u00e9tude organis\u00e9e le 6 mars 2025 par Ja\u00eflys Duault et C\u00e9cile Tarjot, Ad Hoc, \u00ab Prisonni\u00e8res \u00bb : mythes, fictions et r\u00e9cits&hellip;<\/p>\n","protected":false},"author":1,"featured_media":0,"parent":0,"menu_order":0,"comment_status":"closed","ping_status":"closed","template":"","meta":{"_acf_changed":false,"footnotes":""},"class_list":["post-108","page","type-page","status-publish","hentry"],"acf":[],"_links":{"self":[{"href":"https:\/\/sites-recherche.univ-rennes2.fr\/cellam\/wp-json\/wp\/v2\/pages\/108","targetHints":{"allow":["GET"]}}],"collection":[{"href":"https:\/\/sites-recherche.univ-rennes2.fr\/cellam\/wp-json\/wp\/v2\/pages"}],"about":[{"href":"https:\/\/sites-recherche.univ-rennes2.fr\/cellam\/wp-json\/wp\/v2\/types\/page"}],"author":[{"embeddable":true,"href":"https:\/\/sites-recherche.univ-rennes2.fr\/cellam\/wp-json\/wp\/v2\/users\/1"}],"replies":[{"embeddable":true,"href":"https:\/\/sites-recherche.univ-rennes2.fr\/cellam\/wp-json\/wp\/v2\/comments?post=108"}],"version-history":[{"count":87,"href":"https:\/\/sites-recherche.univ-rennes2.fr\/cellam\/wp-json\/wp\/v2\/pages\/108\/revisions"}],"predecessor-version":[{"id":4678,"href":"https:\/\/sites-recherche.univ-rennes2.fr\/cellam\/wp-json\/wp\/v2\/pages\/108\/revisions\/4678"}],"wp:attachment":[{"href":"https:\/\/sites-recherche.univ-rennes2.fr\/cellam\/wp-json\/wp\/v2\/media?parent=108"}],"curies":[{"name":"wp","href":"https:\/\/api.w.org\/{rel}","templated":true}]}}