{"id":118,"date":"2020-09-02T16:28:05","date_gmt":"2020-09-02T14:28:05","guid":{"rendered":"http:\/\/sites-recherche.univ-rennes2.fr\/cellam\/?page_id=118"},"modified":"2021-03-08T17:22:24","modified_gmt":"2021-03-08T16:22:24","slug":"collaborations-de-recherche","status":"publish","type":"page","link":"https:\/\/sites-recherche.univ-rennes2.fr\/cellam\/collaborations-de-recherche\/","title":{"rendered":"Collaborations de recherche"},"content":{"rendered":"<h2>Participation \u00e0 des projets ANR en cours<\/h2>\n<p><img loading=\"lazy\" decoding=\"async\" class=\"alignnone size-medium wp-image-1205\" src=\"http:\/\/sites-recherche.univ-rennes2.fr\/cellam\/wp-content\/uploads\/2021\/02\/Delacroix-Dante-672x372-1-300x166.jpg\" alt=\"\" width=\"300\" height=\"166\" srcset=\"https:\/\/sites-recherche.univ-rennes2.fr\/cellam\/wp-content\/uploads\/2021\/02\/Delacroix-Dante-672x372-1-300x166.jpg 300w, https:\/\/sites-recherche.univ-rennes2.fr\/cellam\/wp-content\/uploads\/2021\/02\/Delacroix-Dante-672x372-1.jpg 672w\" sizes=\"auto, (max-width: 300px) 100vw, 300px\" \/><\/p>\n<h4><a href=\"http:\/\/www.univ-paris3.fr\/anr-dhaf-dante-d-hier-a-aujourd-hui-en-france--651649.kjsp?RH=1505727285324\">Dante d\u2019hier \u00e0 aujourd\u2019hui en France (DHAF)<\/a><\/h4>\n<ul>\n<li>Port\u00e9 par Philippe Gu\u00e9rin (LACEMO, Paris 3) en collaboration avec le CELLAM, le CEPAM C\u00f4te d\u2019Azur et Litt&amp;arts Grenoble. Participants du CELLAM\u00a0: <strong>Edwige Comoy Fusaro<\/strong>, <strong>Claire Lesage<\/strong>, <strong>Claudia Zudini\u00a0<\/strong>(Responsable scientifique pour le Cellam ; volet \u00ab\u00a0Traduction, histoire du livre\u00a0\u00bb), et secondairement E.\u00a0Buron, F.\u00a0Pomel, C.\u00a0Ferlampin-Acher et F.\u00a0Butto. Projet laur\u00e9at en septembre 2020.<\/li>\n<\/ul>\n<p>&nbsp;<\/p>\n<h2>Projets IUF<\/h2>\n<h4>Litt\u00e9rature \u00e0 cr\u00e9dit. Roman europ\u00e9en contemporain et paradigme fiduciaire<\/h4>\n<ul>\n<li>Porteur :\u00a0<strong>Emmanuel Bouju<\/strong> ; 2015-2018<\/li>\n<\/ul>\n<h4><span style=\"font-size: 1rem;\">LATE\u00a0<\/span><\/h4>\n<ul>\n<li><span style=\"font-size: 1rem;\">Porteur : <strong>Christine Ferlampin-Acher<\/strong> ; 2012-2017<\/span><\/li>\n<\/ul>\n<h4>La critique musicale au XX<sup>e<\/sup> si\u00e8cle<\/h4>\n<ul>\n<li>Porteur : <strong>Timoth\u00e9e Picard<\/strong> ; 2011-2016<\/li>\n<\/ul>\n<p>&nbsp;<\/p>\n<h2>Participation des membres du Cellam \u00e0 des projets internationaux d\u2019envergure<\/h2>\n<h4><a href=\"https:\/\/www.unige.ch\/lettres\/alman\/fr\/recherche\/spiegel-und-licht\/\">Projet FNS\/SNF Spiegel und Licht<\/a><\/h4>\n<ul>\n<li>Participation des membres du\u00a0CETM : <strong>Fabienne Pomel<\/strong>, <strong>Christine Ferlampin-Acher<\/strong>, au projet<b> <\/b><em>Spiegel und Licht Erkenntnis und Erleuchtung. Zur Praxis analogischer Bedeutungsbildung in volkssprachigen Texten des 12. bis 16. Jahrhunderts<\/em>, initi\u00e9 \u00e0 l&rsquo;Universit\u00e9 de Gen\u00e8ve, par R. Wetzel et financ\u00e9 par le\u00a0Fonds national suisse\u00a0de la\u00a0recherche scientifique sur quatre ans, 2019-2023.<\/li>\n<\/ul>\n<h4>Textual Criticism in the Interpretation of Social Context: Byzantium and Beyond<\/h4>\n<ul>\n<li>Le <strong>CETM<\/strong> est partenaire du projet financ\u00e9 par l\u2019Office National de la Recherche, du D\u00e9veloppement et de l\u2019Innovation hongrois (NKFIH NN 124539), <em>Textual Criticism in the Interpretation of Social Context: Byzantium and Beyond<\/em>, port\u00e9 par L. Horv\u00e1th, 2018-2022.<\/li>\n<\/ul>\n<h4><a href=\"http:\/\/ottocentismi.org\">Ottocentismi<\/a><\/h4>\n<ul>\n<li><strong>Edwige Comoy Fusaro<\/strong> participe au\u00a0projet\u00a0<i>Ottocentismi\u00a0<\/i>du groupe international INNCIS (Interdisciplinary Network for Nineteenth-Century Italian Studies).<\/li>\n<\/ul>\n<h4>Clio on the stage\u00a0: Making History on Early-Moden and Post-Modern Stages in Britain\u00a0\/\u00a0L\u2019histoire en sc\u00e8ne\u00a0: la fabrique de l\u2019histoire sur les sc\u00e8nes anglaises de la premi\u00e8re et de la post-modernit\u00e9<\/h4>\n<ul>\n<li><strong>Anne Teulade<\/strong>\u00a0fait partie du projet \u00e9mergent \u00ab\u00a0Clio on the stage\u00a0: Making History on Early-Moden and Post-Modern Stages in Britain\u00a0\/\u00a0L\u2019histoire en sc\u00e8ne\u00a0: la fabrique de l\u2019histoire sur les sc\u00e8nes anglaises de la premi\u00e8re et de la post-modernit\u00e9\u00a0\u00bb (septembre 2019-ao\u00fbt 2021), coordonn\u00e9 par L.\u00a0Cottegnies et E.\u00a0Angel-Perez (Sorbonne Universit\u00e9).<\/li>\n<\/ul>\n<h4>La presse musicale en France 1890-1940\u00a0: discours et id\u00e9ologies<\/h4>\n<ul>\n<li>Participation de <strong>Timoth\u00e9e Picard<\/strong> \u00e0 ce projet initi\u00e9 \u00e0 Universit\u00e9 de Montr\u00e9al \u2013 Conseil de recherche en sciences humaines du Canada.<\/li>\n<\/ul>\n<h4>Francophone Music Criticism project<\/h4>\n<ul>\n<li>Participation de <strong>Timoth\u00e9e Picard<\/strong> \u00e0 ce projet initi\u00e9 par Institute of Musical Research, School of Advanced Study, Universit\u00e9 de Londres.<\/li>\n<\/ul>\n<h4>The Profanation of Opera\u00a0: Music and Opera on Film<\/h4>\n<ul>\n<li>Participation de <strong>Timoth\u00e9e Picard<\/strong> \u00e0 ce projet port\u00e9 sous la double \u00e9gide des Universit\u00e9s de Lisbonne et de Chicago, et laur\u00e9at de la B<span style=\"font-size: 1rem;\">ourse europ\u00e9enne Marie Curie, 2017-2020.<\/span><\/li>\n<\/ul>\n<h4>Th\u00e9\u00e2tre italien dans l&rsquo;espace francophone (1970-2020)<\/h4>\n<ul>\n<li><strong>Giovanna Sparacello<\/strong> et <strong>Claudia Zudini <\/strong>sont\u00a0partenaires depuis 2019 (volet breton) du projet \u00ab\u00a0Th\u00e9\u00e2tre italien dans l&rsquo;espace francophone (1970-2020)\u00a0\u00bb dirig\u00e9 par S.\u00a0Resche, L.\u00a0Dumont-Lewi et S.\u00a0Miglierina, Eurodram (R\u00e9seau europ\u00e9en de traduction th\u00e9\u00e2trale)-IMAGER (Universit\u00e9 Paris-Est Cr\u00e9teil)-Passages XX-XXI (Universit\u00e9 Lumi\u00e8re Lyon 2)-ELCI (Sorbonne Universit\u00e9).<\/li>\n<\/ul>\n<h4>Le r\u00e9cit \u00e0 la premi\u00e8re personne \u00e0 l\u2019\u00e9poque pr\u00e9moderne\u00a0: la carri\u00e8re d\u2019un format litt\u00e9raire europ\u00e9en<\/h4>\n<ul>\n<li>Fabienne Pomel participe au projet des Ateliers Vigoni (FMSH)\u00a0: \u00ab\u00a0Le r\u00e9cit \u00e0 la premi\u00e8re personne \u00e0 l\u2019\u00e9poque pr\u00e9moderne\u00a0: la carri\u00e8re d\u2019un format litt\u00e9raire europ\u00e9en\u00a0\u00bb, coordonn\u00e9 par J. R\u00fcthemann et K. Philipowski (Universit\u00e9 de Potsdam),\u00a0<span style=\"font-size: 1rem;\">2019-2021.<\/span><\/li>\n<\/ul>\n<p>&nbsp;<\/p>\n<h2>GDR et GIS<\/h2>\n<h4>GDR 3279 THEATHRE : \u00ab\u00a0Th\u00e9\u00e2tre antique\u00a0: textes, histoire et r\u00e9ception\u00a0\u00bb<\/h4>\n<ul>\n<li><strong> C\u00e9cile Corbel-Morana<\/strong> pour le Cellam<\/li>\n<\/ul>\n<h4>GIS Institut du genre<\/h4>\n<ul>\n<li><strong>Marie-Fran\u00e7oise Berthu-Courtivron<\/strong> pour le Cellam<\/li>\n<\/ul>\n<h4>GIS \u00ab\u00a0Sociabilit\u00e9s du long 18<sup>e<\/sup> si\u00e8cle (1650-1850)<\/h4>\n<ul>\n<li><strong>Florence Magnot<\/strong> pour le Cellam<\/li>\n<\/ul>\n","protected":false},"excerpt":{"rendered":"<p>Participation \u00e0 des projets ANR en cours Dante d\u2019hier \u00e0 aujourd\u2019hui en France (DHAF) Port\u00e9 par Philippe Gu\u00e9rin (LACEMO, Paris 3) en collaboration avec&hellip;<\/p>\n","protected":false},"author":1,"featured_media":0,"parent":0,"menu_order":0,"comment_status":"closed","ping_status":"closed","template":"","meta":{"_acf_changed":false,"footnotes":""},"class_list":["post-118","page","type-page","status-publish","hentry"],"acf":[],"_links":{"self":[{"href":"https:\/\/sites-recherche.univ-rennes2.fr\/cellam\/wp-json\/wp\/v2\/pages\/118","targetHints":{"allow":["GET"]}}],"collection":[{"href":"https:\/\/sites-recherche.univ-rennes2.fr\/cellam\/wp-json\/wp\/v2\/pages"}],"about":[{"href":"https:\/\/sites-recherche.univ-rennes2.fr\/cellam\/wp-json\/wp\/v2\/types\/page"}],"author":[{"embeddable":true,"href":"https:\/\/sites-recherche.univ-rennes2.fr\/cellam\/wp-json\/wp\/v2\/users\/1"}],"replies":[{"embeddable":true,"href":"https:\/\/sites-recherche.univ-rennes2.fr\/cellam\/wp-json\/wp\/v2\/comments?post=118"}],"version-history":[{"count":10,"href":"https:\/\/sites-recherche.univ-rennes2.fr\/cellam\/wp-json\/wp\/v2\/pages\/118\/revisions"}],"predecessor-version":[{"id":1439,"href":"https:\/\/sites-recherche.univ-rennes2.fr\/cellam\/wp-json\/wp\/v2\/pages\/118\/revisions\/1439"}],"wp:attachment":[{"href":"https:\/\/sites-recherche.univ-rennes2.fr\/cellam\/wp-json\/wp\/v2\/media?parent=118"}],"curies":[{"name":"wp","href":"https:\/\/api.w.org\/{rel}","templated":true}]}}