{"id":128,"date":"2020-09-02T16:30:52","date_gmt":"2020-09-02T14:30:52","guid":{"rendered":"http:\/\/sites-recherche.univ-rennes2.fr\/cellam\/?page_id=128"},"modified":"2023-12-08T01:13:18","modified_gmt":"2023-12-08T00:13:18","slug":"theses-en-cours","status":"publish","type":"page","link":"https:\/\/sites-recherche.univ-rennes2.fr\/cellam\/theses-en-cours\/","title":{"rendered":"Th\u00e8ses en cours"},"content":{"rendered":"<p><strong>Marion Bally<\/strong>, \u00ab\u00a0Le chevalier de Mouhy ou le roman comme survie : \u00e9tude sociopo\u00e9tique d\u2019un \u2018regrattier\u2019 du XVIIIe si\u00e8cle\u00a0\u00bb, sous la direction de Florence Magnot<\/p>\n<p><strong>Ricardo Bedoya Forno<\/strong>, \u00ab\u00a0Le roman contemporain et la m\u00e9moire de la violence politique au P\u00e9rou et en Espagne\u00a0\u00bb, sous la direction d&rsquo;Emmanuel Bouju<\/p>\n<p><strong>Lucie Blouin<\/strong>, \u00ab\u00a0<span style=\"font-size: 1rem;\">Les <\/span><em style=\"font-size: 1rem;\">Suites<\/em><span style=\"font-size: 1rem;\"> d&rsquo;Artus de Bretagne : \u00e9dition et \u00e9tude litt\u00e9raire \u00e0 partir de trois manuscrits du XV \u00e8me si\u00e8cle\u00a0\u00bb, sous la direction de\u00a0<\/span>Christine<span style=\"font-size: 1rem;\">\u00a0Ferlampin-Acher<\/span><\/p>\n<p><strong>Federica Butto<\/strong>,\u00a0\u00bbEdition critique du Tristan en Prose du manuscrit fr.756 de la Biblioth\u00e8que nationale de France\u00a0\u00bb, sous direction de Christine Ferlampin-Acher, en cotutelle avec l&rsquo;universit\u00e9 de Sienne, Fabrizio Cigni<\/p>\n<p><strong>Zelda Chesneau<\/strong>, \u00ab\u00a0<span style=\"font-size: 1rem;\">L&rsquo;histoire n&rsquo;existe pas, science fictions et cr\u00e9dit historiographique\u00a0\u00bb, sous la direction de Dominique Vaugeois et Richard Saint-Gelais. En cotutelle avec l&rsquo;Universit\u00e9 de Laval (Canada)<\/span><\/p>\n<p><span style=\"font-size: 1rem;\"><strong>Avery Colobert, <\/strong><\/span>Les Lectiones antiquae de Coelius Rhodiginus : enqu\u00eate sur une esth\u00e9tique du \u00ab\u00a0fatras\u00a0\u00bb, sous la direction d&rsquo;Anne Rolet<\/p>\n<p><span style=\"font-size: 1rem;\"><strong>Malissa Conseil<\/strong>, \u00ab\u00a0<\/span>L&rsquo;auto-identification des soci\u00e9t\u00e9s carib\u00e9ennes : de l&rsquo;id\u00e9ologie \u00e0 la r\u00e9alit\u00e9\u00a0\u00bb, sous la direction de Nestor Ponce et Jean-Georges Chali<\/p>\n<p><span style=\"font-size: 1rem;\"><strong>Marianne Di Benedetto<\/strong>, \u00ab\u00a0<\/span><span style=\"font-size: 1rem;\">La chanson par les livres: l\u00e9gitimation d&rsquo;un art populaire et d\u00e9finition de la litt\u00e9rature <\/span>de la litt\u00e9rature en France (1945-1972)\u00a0\u00bb, sous la direction de Timoth\u00e9e Picard et Catherine Rudent (CERLIS, Sorbonne Nouvelle Paris 3)<\/p>\n<p><span style=\"font-size: 1rem;\"><strong>Eva Diaz Parra<\/strong>, \u00ab\u00a0<\/span><span style=\"font-size: 1rem;\">Identit\u00e9 textuelle et \u00e9ditoriale du best-seller espagnol contemporain (1996-2016)\u00a0\u00bb, sous la direction de Christine Rivalan Guego<\/span><\/p>\n<p class=\"moz-quote-pre\"><strong>K\u00e9vin Dugu\u00e9<\/strong>, \u00ab Les Parques : des Moires romaines ? \u00c9tude sur le transfert des d\u00e9esses grecques du destin dans le monde romain entre le IVe av. J.-C. et le IVe ap. J.-C. (litt\u00e9rature, inscriptions, iconographie) \u00bb, sous la direction d\u2019Anne Rolet<\/p>\n<p><span style=\"font-size: 1rem;\"><strong>Norela Feraru<\/strong>, \u00ab\u00a0<\/span>Fictographies. La photographie et la fiction contemporaine : dix clich\u00e9s de l\u2019exmodernit\u00e9\u00a0\u00bb, sous la direction de Jean-Pierre Montier et Marta Caraion. En cotutelle avec l&rsquo;Universit\u00e9 de Lausanne<\/p>\n<p><span style=\"font-size: 1rem;\"><strong>Daiane Ferreira Fernandes<\/strong>, \u00ab\u00a0<\/span><span style=\"font-size: 1rem;\">Les contes merveilleux de Charles Perrault dans le cadre de l&rsquo;Am\u00e9rique Latine contemporaine : entre traductions, relectures et interculturalit\u00e9s\u00a0\u00bb, sous la direction de Christine Rivalan Guego<\/span><\/p>\n<p><span style=\"font-size: 1rem;\"><strong>Emma Franqueville<\/strong>, \u00ab\u00a0<\/span><span style=\"font-size: 1rem;\">Figures et formes de l&rsquo;autorit\u00e9 dans le <em>D\u00e9cam\u00e9ron<\/em> de Boccace\u00a0\u00bb, sous la direction de Claudia Zudini<\/span><\/p>\n<p><span style=\"font-size: 1rem;\"><strong>Martina Gazzola<\/strong>, \u00ab\u00a0Les traductions italiennes d&rsquo;auteur de\u00a0<em>Le Rouge et le Noir<\/em> de Stendhal \u00bb, sous la direction de Edwige Comoy Fusaro et le co-encadrement de Claudia Zudini<\/span><\/p>\n<p><span style=\"font-size: 1rem;\"><strong>Delphine Giacometti Boucly<\/strong>, \u00ab\u00a0<\/span><span style=\"font-size: 1rem;\">L&rsquo;\u0153uvre journalistique de Colette\u00a0\u00bb, sous la direction de Dominique Vaugeois<\/span><\/p>\n<p class=\"moz-quote-pre\"><strong>David A. Gim\u00e9nez Blasco,<\/strong> \u00ab L&rsquo;identit\u00e9 nationale de l&rsquo;Espagne \u00e0 travers le sport \u00bb, sous la direction de N\u00e9stor Ponce<\/p>\n<p><span style=\"font-size: 1rem;\"><strong>Anne Girard Esposito<\/strong>, \u00ab\u00a0De l&rsquo;exp\u00e9rience ethnographique \u00e0 la litt\u00e9rature : l&rsquo;exemple de la musique dans l&rsquo;oeuvre de Nicolas Bouvier\u00a0\u00bb, sous la direction de Dominique Vaugeois et Daniel Magetti. En co-direction avec l&rsquo;Universit\u00e9 de Lausanne<\/span><\/p>\n<p><strong>Gilbert Goizin<\/strong>, \u00ab\u00a0Les figures bibliques dans les sermons de Fran\u00e7ois de Sales\u00a0\u00bb, sous la direction de Fran\u00e7ois Tr\u00e9moli\u00e8res<\/p>\n<p><span style=\"font-size: 1rem;\"><strong>C\u00e9line Gr\u00e9goire<\/strong>, \u00ab\u00a0<\/span><span style=\"font-size: 1rem;\">Max Jacob : une po\u00e9sie du doute\u00a0\u00bb, sous la direction de Dominique Vaugeois<\/span><\/p>\n<p><span style=\"font-size: 1rem;\"><strong>Arthur Houplain<\/strong>, \u00ab\u00a0Le gaz d&rsquo;\u00e9clairage \u00e0 Paris dans la litt\u00e9rature fran\u00e7aise du XIXe si\u00e8cle (1820-1890). Pour une technocritique\u00a0\u00bb, sous la direction de Xavier Bourdenet et Hugues Marchal. En cotutelle avec l&rsquo;Universit\u00e9 de B\u00e2le (Suisse)<\/span><\/p>\n<p><span style=\"font-size: 1rem;\"><strong>Benoit Houze<\/strong>, \u00ab\u00a0<\/span><span style=\"font-size: 1rem;\">Tristan Corbi\u00e8re, une aventure artistique\u00a0\u00bb, sous la direction de Steve Murphy<\/span><\/p>\n<p><span style=\"font-size: 1rem;\"><strong>Ariane Lefebvre<\/strong>, \u00ab\u00a0<\/span><span style=\"font-size: 1rem;\">Jeux intertextuels : reprise de la mati\u00e8re arthurienne dans Artus de Bretagne\u00a0\u00bb, sous la direction de Christine Ferlampin-Acher et Anne Salamon. En cotutelle avec l&rsquo;Universit\u00e9 de Laval (Qu\u00e9bec)<\/span><\/p>\n<p><strong>Catherine Le Ferrand (M\u00e9lou)<\/strong>, \u00ab\u00a0La Passion Didot, \u00e9tude philologique et th\u00e9\u00e2trale\u00a0\u00bb, sous la direction de Christine Ferlampin-Acher (Rennes 2) et Nadine Henrard (Universit\u00e9 de Li\u00e8ge)<\/p>\n<p><span style=\"font-size: 1rem;\"><strong>Lo\u00efse Lelev\u00e9<\/strong>, \u00ab\u00a0<\/span><span style=\"font-size: 1rem;\">Faussaires et faux dans le roman europ\u00e9en contemporain\u00a0\u00bb, sous la direction d&rsquo;Emmanuel Bouju<\/span><\/p>\n<p><span style=\"font-size: 1rem;\"><strong>Juliette Le Gall<\/strong>, \u00ab\u00a0<\/span>Critique int\u00e9grale et \u00c9dition num\u00e9rique enrichie des oeuvres litt\u00e9raires de Luigi Gualdo (1844-1898)<span style=\"font-size: 1rem;\">\u00ab\u00a0, sous la direction d&rsquo;Edwige Comoy Fusaro et Fabio Danelon<\/span><\/p>\n<p><span style=\"font-size: 1rem;\"><strong>Laura Mainguy<\/strong>, \u00ab\u00a0<\/span><span style=\"font-size: 1rem;\">Construction et d\u00e9construction de la figure divine dans les oeuvres d&rsquo;Edmond Jab\u00e9s et Giorgio Caproni\u00a0\u00bb, sous la direction de Beno\u00eet Conort\u00a0<\/span><\/p>\n<p><strong>Aya Miyazaki<\/strong>, \u00ab\u00a0Judith Gautier, son \u00e9criture po\u00e9tique (1867-1911)\u00a0\u00bb, sous la direction de Steve Murphy<\/p>\n<p><strong>Fatma Mnallah<\/strong>,\u00a0\u00ab\u00a0\u00c9criture et transposition de l\u2019\u00e9rotisme dans l\u2019\u0153uvre de Cr\u00e9billon-fils et ses adaptations dramatiques et audiovisuelles\u00a0\u00bb, sous la direction de Florence Magnot<span style=\"font-size: 1rem;\">\u00a0et Mohamed Chagraoui. En cotutelle avec l&rsquo;Universit\u00e9 de Tunis, El Manar\u00a0<\/span><\/p>\n<p><strong>Marius Muller<\/strong>, \u00ab\u00a0Les nouvelles dramaturgies de l&rsquo;op\u00e9ra. D\u00e9constructions, r\u00e9inventions, rel\u00e9gitimations du th\u00e9\u00e2tre lyrique sur les sc\u00e8nes contemporaines\u00a0\u00bb, sous la direction de Timoth\u00e9e Picard et Isabelle Moindrot<\/p>\n<p><strong>Laurence Perron<\/strong>, \u00ab\u00a0Queeriser l\u2019enqu\u00eate\/queering the inquiry\u00a0: l\u2019enqu\u00eatrice, une figure s\u00e9miotique interg\u00e9n\u00e9rique et interm\u00e9diale<span style=\"font-size: 1rem;\">\u00ab\u00a0, sous la direction de Joanne Lalonde et Emmanuel Bouju. En cotutelle avec l&rsquo;Universit\u00e9 du Qu\u00e9bec<\/span><\/p>\n<p class=\"moz-quote-pre\"><strong>Pina Betancourt Gladys Maria,<\/strong> \u00ab\u00a0Sc\u00e8ne th\u00e9\u00e2trale et salle de classe. \u00c9ducation \u00e0 l\u2019environnement : nouvelle approche d\u2019enseignement et mod\u00e9lisation d\u2019un programme \u00e9ducatif pour l\u2019Universit\u00e9 cubaine\u00a0\u00bb, sous la direction de Christine Rivalan Gu\u00e9go et Nad\u00e8ge Centelles<\/p>\n<p class=\"moz-quote-pre\"><span style=\"font-size: 1rem;\"><strong>Laurence Roger, \u00ab\u00a0<\/strong><\/span>Gestes de lecture, critique et recommandation\u00a0: une analyse comparative des discours acad\u00e9miques et num\u00e9riques appliqu\u00e9e aux \u0153uvres de Simone de Beauvoir<em>, Les Belles images<\/em>, Georges Perec, <em>Un Homme qui dort<\/em> et Fran\u00e7oise Sagan, <em>Bonjour tristesse\u00a0\u00bb, <\/em>sous la direction de\u00a0Nathalie Brillant Rannou<\/p>\n<p class=\"moz-quote-pre\"><span style=\"font-size: 1rem;\"><strong>Anna Rolland<\/strong>, \u00ab\u00a0Litt\u00e9rature et complaisance au XVIIe si\u00e8cle\u00a0\u00bb, sous la direction de Fran\u00e7ois Tr\u00e9moli\u00e8res\u00a0<\/span><\/p>\n<p><strong>Nadia Salameh<\/strong>, \u00ab\u00a0Po\u00e9sie du deuil de la femme aim\u00e9e. Son influence sur l\u2019\u0153uvre de quelques po\u00e8tes contemporains\u00a0\u00bb, sous la direction de Beno\u00eet Conort<\/p>\n<p><strong>Dominique Sineux<\/strong>, \u00ab\u00a0Un intellectuel italien \u00e0 Paris \u00e0 la fin du XVIe si\u00e8cle : Jacopo Corbinelli, \u00e9diteur, passeur de culture\u00a0\u00bb, sous la direction de Claire Lesage et Massimo Lucarelli<\/p>\n<p><span style=\"font-size: 1rem;\"><strong>Anne-Lise Staigre<\/strong>, \u00ab\u00a0<\/span><span style=\"font-size: 1rem;\">Les romans fran\u00e7ais merveilleux situ\u00e9s en Italie (XII\u00e8me &#8211; XIII\u00e8me ) vers une quatri\u00e8me\u00a0<\/span><span style=\"font-size: 1rem;\">mati\u00e8re\u00a0\u00bb, sous la direction de Christine Ferlampin-Acher<\/span><\/p>\n<p><span style=\"font-size: 1rem;\"><strong>Blanche Turck,<\/strong> \u00ab\u00a0Accueillir le lointain des po\u00e9tesses en traduction. Pour une red\u00e9finition des espaces de transmission, \u00e0 partir de Marie de France, Sylvia Plath, Susana Th\u00e9non et Laura Kasischke\u00a0\u00bb, sous la co-direction d&rsquo;Isabelle Poulin (PLURIELLES UR 24142, Universit\u00e9 Bordeaux Montaigne) et de Nathalie Brillant Rannou<\/span><\/p>\n<p><span style=\"font-size: 1rem;\"><strong>Noemie Vermoesen<\/strong>, \u00ab\u00a0<\/span><span style=\"font-size: 1rem;\">La critique des musiques \u00e9lectroniques dansantes (Allemagne, France, Royaume Uni)\u00a0\u00bb, sous la direction de Timoth\u00e9e Picard\u00a0<\/span><\/p>\n<p>&nbsp;<\/p>\n<p>&nbsp;<\/p>\n","protected":false},"excerpt":{"rendered":"<p>Marion Bally, \u00ab\u00a0Le chevalier de Mouhy ou le roman comme survie : \u00e9tude sociopo\u00e9tique d\u2019un \u2018regrattier\u2019 du XVIIIe si\u00e8cle\u00a0\u00bb, sous la direction de Florence&hellip;<\/p>\n","protected":false},"author":1,"featured_media":0,"parent":0,"menu_order":0,"comment_status":"closed","ping_status":"closed","template":"","meta":{"_acf_changed":false,"footnotes":""},"class_list":["post-128","page","type-page","status-publish","hentry"],"acf":[],"_links":{"self":[{"href":"https:\/\/sites-recherche.univ-rennes2.fr\/cellam\/wp-json\/wp\/v2\/pages\/128","targetHints":{"allow":["GET"]}}],"collection":[{"href":"https:\/\/sites-recherche.univ-rennes2.fr\/cellam\/wp-json\/wp\/v2\/pages"}],"about":[{"href":"https:\/\/sites-recherche.univ-rennes2.fr\/cellam\/wp-json\/wp\/v2\/types\/page"}],"author":[{"embeddable":true,"href":"https:\/\/sites-recherche.univ-rennes2.fr\/cellam\/wp-json\/wp\/v2\/users\/1"}],"replies":[{"embeddable":true,"href":"https:\/\/sites-recherche.univ-rennes2.fr\/cellam\/wp-json\/wp\/v2\/comments?post=128"}],"version-history":[{"count":32,"href":"https:\/\/sites-recherche.univ-rennes2.fr\/cellam\/wp-json\/wp\/v2\/pages\/128\/revisions"}],"predecessor-version":[{"id":4051,"href":"https:\/\/sites-recherche.univ-rennes2.fr\/cellam\/wp-json\/wp\/v2\/pages\/128\/revisions\/4051"}],"wp:attachment":[{"href":"https:\/\/sites-recherche.univ-rennes2.fr\/cellam\/wp-json\/wp\/v2\/media?parent=128"}],"curies":[{"name":"wp","href":"https:\/\/api.w.org\/{rel}","templated":true}]}}