{"id":3284,"date":"2023-02-13T11:02:30","date_gmt":"2023-02-13T10:02:30","guid":{"rendered":"https:\/\/sites-recherche.univ-rennes2.fr\/cellam\/?post_type=tribe_events&#038;p=3284"},"modified":"2023-02-13T11:02:30","modified_gmt":"2023-02-13T10:02:30","slug":"colloque-la-divine-promesse-de-la-philosophie-les-versions-grecque-et-armenienne-des-prolegomenes-a-la-philosophie-de-david","status":"publish","type":"tribe_events","link":"https:\/\/sites-recherche.univ-rennes2.fr\/cellam\/evenement\/colloque-la-divine-promesse-de-la-philosophie-les-versions-grecque-et-armenienne-des-prolegomenes-a-la-philosophie-de-david\/","title":{"rendered":"Colloque \u00ab La divine promesse de la philosophie : les versions grecque et arm\u00e9nienne des Prol\u00e9gom\u00e8nes \u00e0 la philosophie de David \u00bb"},"content":{"rendered":"<div>Les\u00a0<i>Prol\u00e9gom\u00e8nes \u00e0 la philosophie<\/i>\u00a0figurent parmi les Introductions g\u00e9n\u00e9rales \u00e0 la philosophie conserv\u00e9es en grec. Ces \u00e9crits expliquent en d\u00e9tail ce qu\u2019est la philosophie et sont attribu\u00e9s par la tradition manuscrite \u00e0 un certain David.<br \/>\nUne version arm\u00e9nienne de cette Introduction g\u00e9n\u00e9rale ayant pour titre \u00ab\u00a0D\u00e9finitions et divisions de la philosophie\u00a0\u00bb existe \u00e9galement, probablement traduite par l\u2019\u00c9cole hell\u00e9nisante des VIe-VIIIe si\u00e8cle. Cette version est rapidement devenue l\u2019un des classiques de la litt\u00e9rature arm\u00e9nienne.<\/div>\n<div><img loading=\"lazy\" decoding=\"async\" class=\"size-medium wp-image-3289 alignleft\" src=\"http:\/\/sites-recherche.univ-rennes2.fr\/cellam\/wp-content\/uploads\/2023\/02\/Colloque-international-David-AFFICHE_page-0001-212x300.jpg\" alt=\"\" width=\"212\" height=\"300\" srcset=\"https:\/\/sites-recherche.univ-rennes2.fr\/cellam\/wp-content\/uploads\/2023\/02\/Colloque-international-David-AFFICHE_page-0001-212x300.jpg 212w, https:\/\/sites-recherche.univ-rennes2.fr\/cellam\/wp-content\/uploads\/2023\/02\/Colloque-international-David-AFFICHE_page-0001-725x1024.jpg 725w, https:\/\/sites-recherche.univ-rennes2.fr\/cellam\/wp-content\/uploads\/2023\/02\/Colloque-international-David-AFFICHE_page-0001-768x1085.jpg 768w, https:\/\/sites-recherche.univ-rennes2.fr\/cellam\/wp-content\/uploads\/2023\/02\/Colloque-international-David-AFFICHE_page-0001-1087x1536.jpg 1087w, https:\/\/sites-recherche.univ-rennes2.fr\/cellam\/wp-content\/uploads\/2023\/02\/Colloque-international-David-AFFICHE_page-0001-849x1200.jpg 849w, https:\/\/sites-recherche.univ-rennes2.fr\/cellam\/wp-content\/uploads\/2023\/02\/Colloque-international-David-AFFICHE_page-0001.jpg 1241w\" sizes=\"auto, (max-width: 212px) 100vw, 212px\" \/><br \/>\nDans le sillage des \u00e9tudes comparatistes de ces derni\u00e8res d\u00e9cennies et dans une perspective interdisciplinaire, ce colloque international fera dialoguer des sp\u00e9cialistes du corpus arm\u00e9nien de David avec des chercheurs s\u2019int\u00e9ressant au n\u00e9oplatonisme alexandrin et \u00e0 la version grecque de ces le\u00e7ons prop\u00e9deutiques.<\/div>\n<div>Gr\u00e2ce au croisement des comp\u00e9tences, le colloque permettra d\u2019\u00e9clairer davantage la figure de l\u2019auteur pour dresser un premier bilan des apports philologiques et s\u00e9mantiques fournis par la confrontation entre les deux versions.<br \/>\nS\u2019inspirant de travaux d\u00e9cisifs sur la litt\u00e9rature isagogique, le colloque sera \u00e9galement le lieu d\u2019une r\u00e9flexion approfondie sur ce que repr\u00e9sentait une introduction \u00e0 la philosophie dans l\u2019Antiquit\u00e9 tardive.<\/div>\n<div>\nLes\u00a0<i>Prol\u00e9gom\u00e8nes \u00e0 la philosophie<\/i>\u00a0constituent, en effet, une source de renseignements pr\u00e9cieux sur la fa\u00e7on dont on concevait la nature, les parties et le but de la philosophie, ainsi que sur l\u2019enseignement philosophique, ses traditions et ses m\u00e9thodes.<\/div>\n","protected":false},"excerpt":{"rendered":"<p>Les\u00a0Prol\u00e9gom\u00e8nes \u00e0 la philosophie\u00a0figurent parmi les Introductions g\u00e9n\u00e9rales \u00e0 la philosophie conserv\u00e9es en grec. Ces \u00e9crits expliquent en d\u00e9tail ce qu\u2019est la philosophie et&hellip;<\/p>\n","protected":false},"author":7,"featured_media":0,"template":"","meta":{"_acf_changed":false,"_tribe_events_status":"","_tribe_events_status_reason":"","footnotes":""},"tribe_events_cat":[25],"class_list":["post-3284","tribe_events","type-tribe_events","status-publish","hentry","tribe_events_cat-colloque","cat_colloque"],"acf":[],"_links":{"self":[{"href":"https:\/\/sites-recherche.univ-rennes2.fr\/cellam\/wp-json\/wp\/v2\/tribe_events\/3284","targetHints":{"allow":["GET"]}}],"collection":[{"href":"https:\/\/sites-recherche.univ-rennes2.fr\/cellam\/wp-json\/wp\/v2\/tribe_events"}],"about":[{"href":"https:\/\/sites-recherche.univ-rennes2.fr\/cellam\/wp-json\/wp\/v2\/types\/tribe_events"}],"author":[{"embeddable":true,"href":"https:\/\/sites-recherche.univ-rennes2.fr\/cellam\/wp-json\/wp\/v2\/users\/7"}],"version-history":[{"count":4,"href":"https:\/\/sites-recherche.univ-rennes2.fr\/cellam\/wp-json\/wp\/v2\/tribe_events\/3284\/revisions"}],"predecessor-version":[{"id":3293,"href":"https:\/\/sites-recherche.univ-rennes2.fr\/cellam\/wp-json\/wp\/v2\/tribe_events\/3284\/revisions\/3293"}],"wp:attachment":[{"href":"https:\/\/sites-recherche.univ-rennes2.fr\/cellam\/wp-json\/wp\/v2\/media?parent=3284"}],"wp:term":[{"taxonomy":"tribe_events_cat","embeddable":true,"href":"https:\/\/sites-recherche.univ-rennes2.fr\/cellam\/wp-json\/wp\/v2\/tribe_events_cat?post=3284"}],"curies":[{"name":"wp","href":"https:\/\/api.w.org\/{rel}","templated":true}]}}