{"id":981,"date":"2021-01-11T14:31:57","date_gmt":"2021-01-11T13:31:57","guid":{"rendered":"http:\/\/sites-recherche.univ-rennes2.fr\/cellam\/?post_type=tribe_events&#038;p=981"},"modified":"2021-11-21T09:01:38","modified_gmt":"2021-11-21T08:01:38","slug":"colloque-un-ecrivain-facetieux-au-parlement-de-bretagne-noel-du-fail-seigneur-de-la-herissaye-1520-2020","status":"publish","type":"tribe_events","link":"https:\/\/sites-recherche.univ-rennes2.fr\/cellam\/evenement\/colloque-un-ecrivain-facetieux-au-parlement-de-bretagne-noel-du-fail-seigneur-de-la-herissaye-1520-2020\/","title":{"rendered":"Colloque : Un \u00e9crivain fac\u00e9tieux au Parlement de Bretagne. No\u00ebl Du Fail, seigneur de La H\u00e9rissaye, 1520-2020"},"content":{"rendered":"<p>Il y a 500 ans naissait au manoir de Ch\u00e2teau-Letard, dans la paroisse de Saint-Erblon, pr\u00e8s de Rennes, No\u00ebl Du Fail, gentilhomme, parlementaire et conteur (1520-1591).\u00a0Le colloque\u00a0se propose de creuser\u00a0plusieurs aspects de son \u0153uvre, \u00e0 la fois narrative et juridique et d\u2019\u00e9tudier\u00a0le milieu rennais dans lequel il \u00e9voluait. Il s\u2019agira de faire dialoguer de mani\u00e8re fructueuse non seulement des litt\u00e9raires et des linguistes, mais aussi des historiens, historiens des religions et des mentalit\u00e9s, historiens du droit, historiens du livre. En l\u2019absence de tout portrait peint ou grav\u00e9 de No\u00ebl Du Fail, pourront ainsi se dessiner, par de multiples touches, les diff\u00e9rents visages de celui que l\u2019un de ses contemporains a pu qualifier de \u00ab\u00a0Prot\u00e9e\u00a0\u00bb, gentilhomme breton, auteur fac\u00e9tieux, juriste, compilateur, lecteur \u00e9rudit et touche \u00e0 tout, \u00e9crivain conscience critique de son temps.<\/p>\n<ul>\n<li>Programme \u00e0 venir<\/li>\n<\/ul>\n","protected":false},"excerpt":{"rendered":"<p>Il y a 500 ans naissait au manoir de Ch\u00e2teau-Letard, dans la paroisse de Saint-Erblon, pr\u00e8s de Rennes, No\u00ebl Du Fail, gentilhomme, parlementaire et&hellip;<\/p>\n","protected":false},"author":6,"featured_media":977,"template":"","meta":{"_acf_changed":false,"_tribe_events_status":"","_tribe_events_status_reason":"","footnotes":""},"tribe_events_cat":[],"class_list":["post-981","tribe_events","type-tribe_events","status-publish","has-post-thumbnail","hentry"],"acf":[],"_links":{"self":[{"href":"https:\/\/sites-recherche.univ-rennes2.fr\/cellam\/wp-json\/wp\/v2\/tribe_events\/981","targetHints":{"allow":["GET"]}}],"collection":[{"href":"https:\/\/sites-recherche.univ-rennes2.fr\/cellam\/wp-json\/wp\/v2\/tribe_events"}],"about":[{"href":"https:\/\/sites-recherche.univ-rennes2.fr\/cellam\/wp-json\/wp\/v2\/types\/tribe_events"}],"author":[{"embeddable":true,"href":"https:\/\/sites-recherche.univ-rennes2.fr\/cellam\/wp-json\/wp\/v2\/users\/6"}],"version-history":[{"count":3,"href":"https:\/\/sites-recherche.univ-rennes2.fr\/cellam\/wp-json\/wp\/v2\/tribe_events\/981\/revisions"}],"predecessor-version":[{"id":2379,"href":"https:\/\/sites-recherche.univ-rennes2.fr\/cellam\/wp-json\/wp\/v2\/tribe_events\/981\/revisions\/2379"}],"wp:featuredmedia":[{"embeddable":true,"href":"https:\/\/sites-recherche.univ-rennes2.fr\/cellam\/wp-json\/wp\/v2\/media\/977"}],"wp:attachment":[{"href":"https:\/\/sites-recherche.univ-rennes2.fr\/cellam\/wp-json\/wp\/v2\/media?parent=981"}],"wp:term":[{"taxonomy":"tribe_events_cat","embeddable":true,"href":"https:\/\/sites-recherche.univ-rennes2.fr\/cellam\/wp-json\/wp\/v2\/tribe_events_cat?post=981"}],"curies":[{"name":"wp","href":"https:\/\/api.w.org\/{rel}","templated":true}]}}