{"id":402,"date":"2023-09-11T11:34:08","date_gmt":"2023-09-11T09:34:08","guid":{"rendered":"https:\/\/sites-recherche.univ-rennes2.fr\/celtic-blm\/?post_type=tribe_events&#038;p=402"},"modified":"2023-11-30T14:15:31","modified_gmt":"2023-11-30T13:15:31","slug":"soutenance-de-la-these-de-safa-ben-brahim","status":"publish","type":"tribe_events","link":"https:\/\/sites-recherche.univ-rennes2.fr\/celtic-blm\/event\/soutenance-de-la-these-de-safa-ben-brahim\/","title":{"rendered":"soutenance de la th\u00e8se de Safa Ben Brahim"},"content":{"rendered":"<p>Membres du jury<\/p>\n<ul>\n<li>Philippe Blanchet, Universit\u00e9 Rennes 2 : examinateur<\/li>\n<li>Annette <span lang=\"PT-BR\">Boudreau<\/span>, Universit\u00e9 de Moncton, Canada : rapporteure<\/li>\n<li>St\u00e9phanie Clerc Conan, Universit\u00e9 Rennes 2 : directrice de la th\u00e8se<\/li>\n<li>Alain Di Meglio, Universit\u00e9 de Corse : examinateur<\/li>\n<li><span class=\"Apple-converted-space\">A<\/span>bdelouahad Mabrour, Facult\u00e9 des Lettres et des sciences Humaines, Univesit\u00e9 Shouaib, Maroc : rapporteur<span class=\"Apple-converted-space\">\u00a0<\/span><\/li>\n<\/ul>\n<p style=\"font-weight: 400;\"><strong>Titre de la th\u00e8se<\/strong> : L\u2019\u00e9cole publique tunisienne et l\u2019ins\u00e9curit\u00e9 linguistique : de l\u2019enqu\u00eate de terrain aux pistes sociodidactiques pour am\u00e9liorer d\u2019apprentissage du fran\u00e7ais<\/p>\n<p style=\"font-weight: 400;\"><strong>R\u00e9sum\u00e9<\/strong>: La th\u00e8se expose la probl\u00e9matique de l\u2019ins\u00e9curit\u00e9 linguistique \u00e0 l\u2019\u00e9cole primaire en Tunisie. La recherche est centr\u00e9e sur les liens entre l\u2019ins\u00e9curit\u00e9 linguistique, les m\u00e9thodes d\u2019enseignements mononormatives et l\u2019\u00e9chec scolaire qui touche une forte proportion des \u00e9l\u00e8ves Tunisien.ne.s. Elle vise en premier lieu \u00e0 comprendre les sources de l\u2019ins\u00e9curit\u00e9 linguistique et \u00e0 en cerner quelques effets sur les relations aux langues. La compr\u00e9hension du ph\u00e9nom\u00e8ne permet de formuler des propositions sociodidactiques qui pourraient \u00eatre utiles en formation d\u2019enseignant.e.s.<\/p>\n<p style=\"font-weight: 400;\">La th\u00e8se est organis\u00e9e en trois grandes parties constitu\u00e9es de 11 chapitres\u00a0: la premi\u00e8re partie est consacr\u00e9e \u00e0 la contextualisation de la recherche, l\u2019assise th\u00e9orique et la m\u00e9thodologie de recherche\u00a0; la deuxi\u00e8me partie s\u2019int\u00e9resse \u00e0 l\u2019analyse des entretiens et aux r\u00e9sultats de la recherche\u00a0; la troisi\u00e8me est consacr\u00e9e aux recommandations sociodidactiques issues du terrain, une pr\u00e9sentation des limites de la recherche et des figures r\u00e9capitulatives des r\u00e9sultats.<\/p>\n","protected":false},"excerpt":{"rendered":"<p>Membres du jury Philippe Blanchet, Universit\u00e9 Rennes 2 : examinateur Annette Boudreau, Universit\u00e9 de Moncton, Canada : rapporteure St\u00e9phanie Clerc Conan, Universit\u00e9 Rennes 2&hellip;<\/p>\n","protected":false},"author":3,"featured_media":0,"template":"","meta":{"_acf_changed":false,"_tribe_events_status":"","_tribe_events_status_reason":"","footnotes":""},"tribe_events_cat":[],"class_list":["post-402","tribe_events","type-tribe_events","status-publish","hentry"],"acf":[],"_links":{"self":[{"href":"https:\/\/sites-recherche.univ-rennes2.fr\/celtic-blm\/wp-json\/wp\/v2\/tribe_events\/402","targetHints":{"allow":["GET"]}}],"collection":[{"href":"https:\/\/sites-recherche.univ-rennes2.fr\/celtic-blm\/wp-json\/wp\/v2\/tribe_events"}],"about":[{"href":"https:\/\/sites-recherche.univ-rennes2.fr\/celtic-blm\/wp-json\/wp\/v2\/types\/tribe_events"}],"author":[{"embeddable":true,"href":"https:\/\/sites-recherche.univ-rennes2.fr\/celtic-blm\/wp-json\/wp\/v2\/users\/3"}],"version-history":[{"count":4,"href":"https:\/\/sites-recherche.univ-rennes2.fr\/celtic-blm\/wp-json\/wp\/v2\/tribe_events\/402\/revisions"}],"predecessor-version":[{"id":451,"href":"https:\/\/sites-recherche.univ-rennes2.fr\/celtic-blm\/wp-json\/wp\/v2\/tribe_events\/402\/revisions\/451"}],"wp:attachment":[{"href":"https:\/\/sites-recherche.univ-rennes2.fr\/celtic-blm\/wp-json\/wp\/v2\/media?parent=402"}],"wp:term":[{"taxonomy":"tribe_events_cat","embeddable":true,"href":"https:\/\/sites-recherche.univ-rennes2.fr\/celtic-blm\/wp-json\/wp\/v2\/tribe_events_cat?post=402"}],"curies":[{"name":"wp","href":"https:\/\/api.w.org\/{rel}","templated":true}]}}