{"id":437,"date":"2023-11-21T16:37:33","date_gmt":"2023-11-21T15:37:33","guid":{"rendered":"https:\/\/sites-recherche.univ-rennes2.fr\/celtic-blm\/?post_type=tribe_events&#038;p=437"},"modified":"2023-11-30T17:34:15","modified_gmt":"2023-11-30T16:34:15","slug":"conference-les-francophones-des-marges-et-les-identites-assignees","status":"publish","type":"tribe_events","link":"https:\/\/sites-recherche.univ-rennes2.fr\/celtic-blm\/event\/conference-les-francophones-des-marges-et-les-identites-assignees\/","title":{"rendered":"Conf\u00e9rence d&rsquo;Annette Boudreau \u00ab\u00a0Les francophones des marges et les identit\u00e9s assign\u00e9es\u00a0\u00bb"},"content":{"rendered":"<p style=\"font-weight: 400;\">Conf\u00e9rence organis\u00e9e par le CELTIC-BLM et ses Masters <em>breton<\/em> et <em>FPMI<\/em><\/p>\n<p style=\"font-weight: 400;\"><strong>\u00a0<em>Les francophones des marges et les identit\u00e9s assign\u00e9es<\/em><\/strong><\/p>\n<p style=\"font-weight: 400;\"><strong>Annette Boudreau (<\/strong>Professeure \u00e9m\u00e9rite, Facult\u00e9 des arts et des sciences sociales, Universit\u00e9 de Moncton)<\/p>\n<p style=\"font-weight: 400;\">jeudi 7 d\u00e9cembre, 15h-17h, Amphi B6<\/p>\n<p>La conf\u00e9rence portera sur les identit\u00e9s assign\u00e9es et souvent r\u00e9ductrices attribu\u00e9es aux francophones minoritaires au Canada. Je montrerai comment certains discours cantonnent les francophones dans des visions folklorisantes en partant de l\u2019exemple de deux \u00e9crivaines, l\u2019une vivant au Qu\u00e9bec et l\u2019autre en Acadie. La premi\u00e8re est Innue, la seconde, Acadienne. Les deux sont confront\u00e9es \u00e0 des visions simplistes qui les figent dans le pass\u00e9 et l\u2019exotisme. J\u2019examinerai les enjeux li\u00e9s \u00e0 ce type de discours et les strat\u00e9gies mises en avant pour y r\u00e9pondre.<\/p>\n<p style=\"font-weight: 400;\">Lien Zoom\u00a0: <a href=\"https:\/\/us02web.zoom.us\/j\/87624061444?pwd=alk0dSttTnA1QTVrSnFUOVdUTkk3Zz09\">https:\/\/us02web.zoom.us\/j\/87624061444?pwd=alk0dSttTnA1QTVrSnFUOVdUTkk3Zz09<\/a><\/p>\n<p>ID de r\u00e9union: 876 2406 1444<br \/>\nCode secret: 5BDf8M<\/p>\n","protected":false},"excerpt":{"rendered":"<p>Conf\u00e9rence organis\u00e9e par le CELTIC-BLM et ses Masters breton et FPMI \u00a0Les francophones des marges et les identit\u00e9s assign\u00e9es Annette Boudreau (Professeure \u00e9m\u00e9rite, Facult\u00e9&hellip;<\/p>\n","protected":false},"author":3,"featured_media":452,"template":"","meta":{"_acf_changed":false,"_tribe_events_status":"","_tribe_events_status_reason":"","footnotes":""},"tribe_events_cat":[],"class_list":["post-437","tribe_events","type-tribe_events","status-publish","has-post-thumbnail","hentry"],"acf":[],"_links":{"self":[{"href":"https:\/\/sites-recherche.univ-rennes2.fr\/celtic-blm\/wp-json\/wp\/v2\/tribe_events\/437","targetHints":{"allow":["GET"]}}],"collection":[{"href":"https:\/\/sites-recherche.univ-rennes2.fr\/celtic-blm\/wp-json\/wp\/v2\/tribe_events"}],"about":[{"href":"https:\/\/sites-recherche.univ-rennes2.fr\/celtic-blm\/wp-json\/wp\/v2\/types\/tribe_events"}],"author":[{"embeddable":true,"href":"https:\/\/sites-recherche.univ-rennes2.fr\/celtic-blm\/wp-json\/wp\/v2\/users\/3"}],"version-history":[{"count":6,"href":"https:\/\/sites-recherche.univ-rennes2.fr\/celtic-blm\/wp-json\/wp\/v2\/tribe_events\/437\/revisions"}],"predecessor-version":[{"id":448,"href":"https:\/\/sites-recherche.univ-rennes2.fr\/celtic-blm\/wp-json\/wp\/v2\/tribe_events\/437\/revisions\/448"}],"wp:featuredmedia":[{"embeddable":true,"href":"https:\/\/sites-recherche.univ-rennes2.fr\/celtic-blm\/wp-json\/wp\/v2\/media\/452"}],"wp:attachment":[{"href":"https:\/\/sites-recherche.univ-rennes2.fr\/celtic-blm\/wp-json\/wp\/v2\/media?parent=437"}],"wp:term":[{"taxonomy":"tribe_events_cat","embeddable":true,"href":"https:\/\/sites-recherche.univ-rennes2.fr\/celtic-blm\/wp-json\/wp\/v2\/tribe_events_cat?post=437"}],"curies":[{"name":"wp","href":"https:\/\/api.w.org\/{rel}","templated":true}]}}