{"id":481,"date":"2024-03-04T17:05:51","date_gmt":"2024-03-04T16:05:51","guid":{"rendered":"https:\/\/sites-recherche.univ-rennes2.fr\/celtic-blm\/?post_type=tribe_events&#038;p=481"},"modified":"2024-03-04T17:06:57","modified_gmt":"2024-03-04T16:06:57","slug":"seminaire-du-celtic-blm","status":"publish","type":"tribe_events","link":"https:\/\/sites-recherche.univ-rennes2.fr\/celtic-blm\/event\/seminaire-du-celtic-blm\/","title":{"rendered":"S\u00e9minaire du CELTIC-BLM"},"content":{"rendered":"<p style=\"font-weight: 400;\"><em>Il s\u2019agira, au cours de ce s\u00e9minaire, d\u2019interroger les impacts des politiques linguistiques sur les processus de l\u00e9gitimation \/ d\u00e9l\u00e9gitimation des locutrices et locuteurs en France continentale et dans les d\u00e9partements et r\u00e9gions d\u2019outre-mer, ainsi qu\u2019en Suisse francophone, et leur r\u00e9percussions en termes d\u2019acc\u00e8s aux droits et aux soins ; ainsi que de comprendre la mani\u00e8re dont les professionnels de la sant\u00e9 et du soin, sur le terrain ou en formation, s\u2019approprient les questionnements relatifs \u00e0 la pluralit\u00e9 linguistique pour les besoins de l\u2019exercice de leur profession.<\/em><\/p>\n<p><strong><em>En pr\u00e9sentiel\u00a0:<\/em><\/strong><em> Salle L\u00e9onard (B\u00e2timent A)<\/em><\/p>\n<p><i><strong>en\u00a0distanciel :<\/strong>\u00a0<\/i><a href=\"https:\/\/us02web.zoom.us\/j\/89827942808?pwd=Q0dUUjkvYUF6c0tCR3AwcjRQUlNvUT09\" target=\"_blank\" rel=\"noopener\">https:\/\/us02web.zoom.us\/j\/89827942808?pwd=Q0dUUjkvYUF6c0tCR3AwcjRQUlNvUT09<\/a><\/p>\n<p><i>ID de r\u00e9union: 898 2794 2808<\/i><\/p>\n<p><i>Code : 7HTAK5<\/i><\/p>\n<p>&nbsp;<\/p>\n","protected":false},"excerpt":{"rendered":"<p>Il s\u2019agira, au cours de ce s\u00e9minaire, d\u2019interroger les impacts des politiques linguistiques sur les processus de l\u00e9gitimation \/ d\u00e9l\u00e9gitimation des locutrices et locuteurs&hellip;<\/p>\n","protected":false},"author":3,"featured_media":0,"template":"","meta":{"_acf_changed":false,"_tribe_events_status":"","_tribe_events_status_reason":"","footnotes":""},"tribe_events_cat":[],"class_list":["post-481","tribe_events","type-tribe_events","status-publish","hentry"],"acf":[],"_links":{"self":[{"href":"https:\/\/sites-recherche.univ-rennes2.fr\/celtic-blm\/wp-json\/wp\/v2\/tribe_events\/481","targetHints":{"allow":["GET"]}}],"collection":[{"href":"https:\/\/sites-recherche.univ-rennes2.fr\/celtic-blm\/wp-json\/wp\/v2\/tribe_events"}],"about":[{"href":"https:\/\/sites-recherche.univ-rennes2.fr\/celtic-blm\/wp-json\/wp\/v2\/types\/tribe_events"}],"author":[{"embeddable":true,"href":"https:\/\/sites-recherche.univ-rennes2.fr\/celtic-blm\/wp-json\/wp\/v2\/users\/3"}],"version-history":[{"count":4,"href":"https:\/\/sites-recherche.univ-rennes2.fr\/celtic-blm\/wp-json\/wp\/v2\/tribe_events\/481\/revisions"}],"predecessor-version":[{"id":487,"href":"https:\/\/sites-recherche.univ-rennes2.fr\/celtic-blm\/wp-json\/wp\/v2\/tribe_events\/481\/revisions\/487"}],"wp:attachment":[{"href":"https:\/\/sites-recherche.univ-rennes2.fr\/celtic-blm\/wp-json\/wp\/v2\/media?parent=481"}],"wp:term":[{"taxonomy":"tribe_events_cat","embeddable":true,"href":"https:\/\/sites-recherche.univ-rennes2.fr\/celtic-blm\/wp-json\/wp\/v2\/tribe_events_cat?post=481"}],"curies":[{"name":"wp","href":"https:\/\/api.w.org\/{rel}","templated":true}]}}