{"id":134,"date":"2020-07-20T10:07:11","date_gmt":"2020-07-20T08:07:11","guid":{"rendered":"https:\/\/sites-recherche.univ-rennes2.fr\/tempora\/?page_id=134"},"modified":"2023-10-26T01:54:44","modified_gmt":"2023-10-25T23:54:44","slug":"seminaires-et-ateliers","status":"publish","type":"page","link":"https:\/\/sites-recherche.univ-rennes2.fr\/tempora\/seminaires-et-ateliers\/","title":{"rendered":"S\u00e9minaires et ateliers"},"content":{"rendered":"<h2><a href=\"https:\/\/sites-recherche.univ-rennes2.fr\/tempora\/activites\/seminaire-dunite-de-tempora\/\">S\u00e9minaire d&rsquo;unit\u00e9<\/a><\/h2>\n<p>Le s\u00e9minaire d&rsquo;unit\u00e9 r\u00e9unit chaque ann\u00e9e l&rsquo;ensemble des membres de Tempora autour d&rsquo;un th\u00e8me f\u00e9d\u00e9rateur qui recoupe les axes ou sous-axes du laboratoire.<\/p>\n<hr \/>\n<h2><a href=\"https:\/\/sites-recherche.univ-rennes2.fr\/tempora\/activites\/seminaire-actualite-de-la-recherche-historique\/\">S\u00e9minaire Actualit\u00e9 de la recherche historique<\/a><\/h2>\n<p><span class=\"etiquette\">Le s\u00e9minaire Actualit\u00e9 de la recherche historique [ARH] se veut un lieu de pr\u00e9sentation et de discussion de recherches stimulantes ayant donn\u00e9 lieu \u00e0 la publication r\u00e9cente de livres importants, tant par leur propos que par l\u2019originalit\u00e9 de leur d\u00e9marche. Il r\u00e9unit des historiens des diff\u00e9rentes p\u00e9riodes acad\u00e9miques, et s\u2019int\u00e9resse plus particuli\u00e8rement aux enjeux m\u00e9thodologiques et historiographiques de l\u2019enqu\u00eate et de l\u2019exposition de ses r\u00e9sultats. Il s\u2019adresse aux enseignants-chercheurs, aux docteurs et doctorants, ainsi qu\u2019aux \u00e9tudiants \u00e0 partir du niveau M1. Apr\u00e8s quatre s\u00e9ances d\u00e9di\u00e9es chacune \u00e0 un ouvrage r\u00e9cemment paru dans l\u2019une des quatre p\u00e9riodes acad\u00e9miques, une cinqui\u00e8me, \u00e0 vis\u00e9e plus synth\u00e9tique, porte sur la mani\u00e8re de faire de l&rsquo;histoire dans un pays \u00e9tranger.<\/span><\/p>\n<hr \/>\n<h2><a href=\"https:\/\/sites-recherche.univ-rennes2.fr\/tempora\/articles\/les-temporiales\/\">S\u00e9minaire Les Temporiales<\/a><\/h2>\n<p>Le s\u00e9minaire Les Temporiales, mont\u00e9 au fil de l&rsquo;eau, fait intervenir des membres de Tempora autour d&rsquo;une publication r\u00e9cente ou d&rsquo;un projet collaboratif, ainsi que, plus \u00e9pisodiquement, des chercheurs ext\u00e9rieurs.<\/p>\n<hr \/>\n<h2><a href=\"https:\/\/sites-recherche.univ-rennes2.fr\/tempora\/activites\/seminaire-etudier-la-guerre\/\">S\u00e9minaire \u00c9tudier la guerre<\/a><\/h2>\n<p><span class=\"etiquette\">Le s\u00e9minaire de recherche \u00ab \u00c9tudier la guerre \u00bb est organis\u00e9 conjointement par l\u2019UR Tempora (Universit\u00e9 Rennes 2), le CRHIA (Universit\u00e9 de Nantes) et le CREC (\u00c9coles de Saint-Cyr Co\u00ebtquidan). Il a l\u2019objectif de r\u00e9unir des chercheurs travaillant sur la guerre, sans limitation de p\u00e9riode, en mettant l\u2019accent sur les questions m\u00e9thodologiques et sur la pratique de la recherche. Ouvert aux chercheurs, doctorants et \u00e9tudiants de Master, le s\u00e9minaire prend la forme de s\u00e9ances, journ\u00e9es ou demi-journ\u00e9es d\u2019\u00e9tude organis\u00e9es en alternance dans les trois sites des institutions partenaires.<\/span><\/p>\n<hr \/>\n<h2><a href=\"https:\/\/sites-recherche.univ-rennes2.fr\/tempora\/articles\/seminaire-actualite-de-la-recherche-en-histoire-de-la-bretagne\/\">S\u00e9minaire Actualit\u00e9 de la recherche en histoire de la Bretagne<\/a><\/h2>\n<p>Le s\u00e9minaire Actualit\u00e9 de la recherche en histoire de la Bretagne est un espace de r\u00e9flexion express\u00e9ment consacr\u00e9 \u00e0 l&rsquo;histoire de la Bretagne. On y d\u00e9bat aussi bien de probl\u00e8mes anciens et en cours de r\u00e9examen par les historiens que de questions \u00e9mergentes. On y traite, en somme, de l&rsquo;actualit\u00e9 des recherches relatives au pass\u00e9 r\u00e9gional, toutes th\u00e9matiques et toutes p\u00e9riodes confondues. Le s\u00e9minaire permet, ainsi, aux chercheurs int\u00e9ress\u00e9s par l&rsquo;histoire de la Bretagne de se rencontrer et de nouer des contacts. Pratiquement, il prend la forme d&rsquo;une journ\u00e9e d&rsquo;\u00e9tude annuelle, dont la matin\u00e9e est consacr\u00e9e \u00e0 l&rsquo;examen d&rsquo;une question d&rsquo;histoire r\u00e9gionale importante, d&rsquo;un probl\u00e8me pour ainsi dire, et l&rsquo;apr\u00e8s-midi \u00e0 la pr\u00e9sentation de recherches qui se sont r\u00e9cemment concr\u00e9tis\u00e9es sous la forme de publications scientifiques, de m\u00e9moires d&rsquo;HDR ou de th\u00e8ses de doctorat.<\/p>\n<hr \/>\n<h2><a href=\"https:\/\/sites-recherche.univ-rennes2.fr\/tempora\/activites\/seminaire-conjoint-paysages-et-territoires\">S\u00e9minaire conjoint Paysages et territoires<\/a><\/h2>\n<p>Le s\u00e9minaire \u00ab\u00a0Paysages et territoires\u00a0\u00bb, organis\u00e9 en partenariat avec le LAHM, s&rsquo;inscrit dans le Master 2 Arch\u00e9ologie de Rennes 2 mais est ouvert \u00e0 tous.<\/p>\n<hr \/>\n<h2><a href=\"https:\/\/sites-recherche.univ-rennes2.fr\/tempora\/activites\/seminaire-conjoint-histoire-scolaire-et-education-a-la-citoyennete-en-europe\/\">S\u00e9minaire conjoint Histoire scolaire et \u00e9ducation \u00e0 la citoyennet\u00e9 en Europe<\/a><\/h2>\n<p>Depuis 2018, ce s\u00e9minaire proc\u00e8de \u00e0 un examen compar\u00e9, \u00e0 l&rsquo;\u00e9chelle europ\u00e9enne, des orientations de r\u00e9forme, des innovations curriculaires et des d\u00e9bats qui touchent \u00e0 l\u2019enseignement de l\u2019histoire.<\/p>\n<hr \/>\n<h2><a href=\"https:\/\/sites-recherche.univ-rennes2.fr\/tempora\/articles\/seminaire-conjoint-apparences-et-sociabilites\/\">S\u00e9minaire conjoint Apparences et sociabilit\u00e9s au XVIIIe si\u00e8cle<\/a><\/h2>\n<p>Depuis 2021, ce s\u00e9minaire<span lang=\"EN-GB\"> en ligne p<\/span><span lang=\"EN-GB\" style=\"font-size: 1rem;\">ort\u00e9 par\u00a0<\/span><span lang=\"EN-GB\" style=\"font-size: 1rem;\">Aur\u00e9lie Chatenet-Calyste (Rennes 2, Tempora) et Ariane Fennetaux (Universit\u00e9 de Paris 1, Larca) <\/span><span lang=\"EN-GB\" style=\"font-size: 1rem;\">entend mobiliser<\/span><span style=\"font-size: 1rem;\"> des sp\u00e9cialistes internationaux des sociabilit\u00e9s (GIS Sociabilit\u00e9s) et des chercheurs europ\u00e9ens sp\u00e9cialis\u00e9s dans le domaine des apparences (GIS Acorso) pour <\/span><span lang=\"EN-GB\" style=\"font-size: 1rem;\">parler des pratiques de sociabilit\u00e9s dans un tr\u00e8s long XVIIIe si\u00e8cle (v. 1650-c.1850).<\/span><\/p>\n<hr \/>\n<h2><a href=\"https:\/\/sites-recherche.univ-rennes2.fr\/tempora\/collaborations-institutionnelles\/\">S\u00e9minaire conjoint CI\u00c9Q &#8211; Tempora<\/a><\/h2>\n<p>voir d\u00e9tail <a href=\"https:\/\/sites-recherche.univ-rennes2.fr\/tempora\/collaborations-institutionnelles\/\">ici<\/a>.<\/p>\n","protected":false},"excerpt":{"rendered":"<p>S\u00e9minaire d&rsquo;unit\u00e9 Le s\u00e9minaire d&rsquo;unit\u00e9 r\u00e9unit chaque ann\u00e9e l&rsquo;ensemble des membres de Tempora autour d&rsquo;un th\u00e8me f\u00e9d\u00e9rateur qui recoupe les axes ou sous-axes du&hellip;<\/p>\n","protected":false},"author":1,"featured_media":0,"parent":0,"menu_order":0,"comment_status":"closed","ping_status":"closed","template":"","meta":{"_acf_changed":false,"footnotes":""},"class_list":["post-134","page","type-page","status-publish","hentry"],"acf":[],"_links":{"self":[{"href":"https:\/\/sites-recherche.univ-rennes2.fr\/tempora\/wp-json\/wp\/v2\/pages\/134","targetHints":{"allow":["GET"]}}],"collection":[{"href":"https:\/\/sites-recherche.univ-rennes2.fr\/tempora\/wp-json\/wp\/v2\/pages"}],"about":[{"href":"https:\/\/sites-recherche.univ-rennes2.fr\/tempora\/wp-json\/wp\/v2\/types\/page"}],"author":[{"embeddable":true,"href":"https:\/\/sites-recherche.univ-rennes2.fr\/tempora\/wp-json\/wp\/v2\/users\/1"}],"replies":[{"embeddable":true,"href":"https:\/\/sites-recherche.univ-rennes2.fr\/tempora\/wp-json\/wp\/v2\/comments?post=134"}],"version-history":[{"count":50,"href":"https:\/\/sites-recherche.univ-rennes2.fr\/tempora\/wp-json\/wp\/v2\/pages\/134\/revisions"}],"predecessor-version":[{"id":3924,"href":"https:\/\/sites-recherche.univ-rennes2.fr\/tempora\/wp-json\/wp\/v2\/pages\/134\/revisions\/3924"}],"wp:attachment":[{"href":"https:\/\/sites-recherche.univ-rennes2.fr\/tempora\/wp-json\/wp\/v2\/media?parent=134"}],"curies":[{"name":"wp","href":"https:\/\/api.w.org\/{rel}","templated":true}]}}