{"id":136,"date":"2020-07-20T10:07:16","date_gmt":"2020-07-20T08:07:16","guid":{"rendered":"https:\/\/sites-recherche.univ-rennes2.fr\/tempora\/?page_id=136"},"modified":"2023-10-26T02:15:24","modified_gmt":"2023-10-26T00:15:24","slug":"projets-collaboratifs","status":"publish","type":"page","link":"https:\/\/sites-recherche.univ-rennes2.fr\/tempora\/projets-collaboratifs\/","title":{"rendered":"Projets collaboratifs"},"content":{"rendered":"<h2>Programmes ANR<\/h2>\n<h3><a href=\"https:\/\/sites-recherche.univ-rennes2.fr\/tempora\/activites\/anr-parcedes\/\" target=\"_blank\" rel=\"noopener\">ANR Parcellaires agraires et dynamiques d&rsquo;exploitation du sol dans la longue dur\u00e9e<\/a><\/h3>\n<ul>\n<li>ANR JCJC <a href=\"https:\/\/anr.fr\/Projet-ANR-21-CE27-0017\"><strong>PARCEDES<\/strong><\/a>, programme port\u00e9 par Magali WATTEAUX, en collaboration avec l&rsquo;INRAP, l&rsquo;universit\u00e9 de Sienne et l&rsquo;universit\u00e9 de Newcastle\u00a0<a href=\"https:\/\/parcedes.hypotheses.org\/\" target=\"_blank\" rel=\"noopener\"><img loading=\"lazy\" decoding=\"async\" class=\"alignright wp-image-3909\" src=\"https:\/\/sites-recherche.univ-rennes2.fr\/tempora\/wp-content\/uploads\/2023\/10\/logo-parcedes-300x298.jpg\" alt=\"\" width=\"125\" height=\"124\" srcset=\"https:\/\/sites-recherche.univ-rennes2.fr\/tempora\/wp-content\/uploads\/2023\/10\/logo-parcedes-300x298.jpg 300w, https:\/\/sites-recherche.univ-rennes2.fr\/tempora\/wp-content\/uploads\/2023\/10\/logo-parcedes-1024x1018.jpg 1024w, https:\/\/sites-recherche.univ-rennes2.fr\/tempora\/wp-content\/uploads\/2023\/10\/logo-parcedes-150x150.jpg 150w, https:\/\/sites-recherche.univ-rennes2.fr\/tempora\/wp-content\/uploads\/2023\/10\/logo-parcedes-768x763.jpg 768w, https:\/\/sites-recherche.univ-rennes2.fr\/tempora\/wp-content\/uploads\/2023\/10\/logo-parcedes-1536x1527.jpg 1536w, https:\/\/sites-recherche.univ-rennes2.fr\/tempora\/wp-content\/uploads\/2023\/10\/logo-parcedes-2048x2036.jpg 2048w, https:\/\/sites-recherche.univ-rennes2.fr\/tempora\/wp-content\/uploads\/2023\/10\/logo-parcedes-255x250.jpg 255w, https:\/\/sites-recherche.univ-rennes2.fr\/tempora\/wp-content\/uploads\/2023\/10\/logo-parcedes-575x565.jpg 575w, https:\/\/sites-recherche.univ-rennes2.fr\/tempora\/wp-content\/uploads\/2023\/10\/logo-parcedes-920x914.jpg 920w\" sizes=\"auto, (max-width: 125px) 100vw, 125px\" \/><\/a><\/li>\n<li>Carnet de blog : <a href=\"https:\/\/parcedes.hypotheses.org\">https:\/\/parcedes.hypotheses.org<\/a><\/li>\n<li>Compte Twitter : <a href=\"https:\/\/twitter.com\/ANR_Parcedes\" target=\"_blank\" rel=\"nofollow noopener noreferrer\" shape=\"rect\">@ANR_Parcedes<\/a><\/li>\n<li>Page Facebook : <a href=\"https:\/\/www.facebook.com\/profile.php?id=100090894423475\" target=\"_blank\" rel=\"nofollow noopener noreferrer\" shape=\"rect\">Anr Parcedes<\/a><br \/>\n<hr \/>\n<\/li>\n<\/ul>\n<p><img loading=\"lazy\" decoding=\"async\" class=\"size-medium wp-image-2398 alignright\" src=\"https:\/\/sites-recherche.univ-rennes2.fr\/tempora\/wp-content\/uploads\/2021\/12\/ANR-300x169.png\" alt=\"\" width=\"300\" height=\"169\" srcset=\"https:\/\/sites-recherche.univ-rennes2.fr\/tempora\/wp-content\/uploads\/2021\/12\/ANR-300x169.png 300w, https:\/\/sites-recherche.univ-rennes2.fr\/tempora\/wp-content\/uploads\/2021\/12\/ANR-550x310.png 550w, https:\/\/sites-recherche.univ-rennes2.fr\/tempora\/wp-content\/uploads\/2021\/12\/ANR.png 600w\" sizes=\"auto, (max-width: 300px) 100vw, 300px\" \/><\/p>\n<h3><a href=\"https:\/\/sites-recherche.univ-rennes2.fr\/tempora\/activites\/anr-panser\/\">ANR Patrimoine naturel aux Suds : une histoire globale \u00e0 \u00e9chelle r\u00e9duite<\/a><\/h3>\n<ul>\n<li>ANR JCJC <strong><a href=\"https:\/\/anr.fr\/Projet-ANR-18-CE27-0019\" target=\"_blank\" rel=\"noopener noreferrer\">PANSER<\/a><\/strong>, programme port\u00e9 par Guillaume BLANC, en collaboration avec l\u2019INALCO et les universit\u00e9s de Gand (Belgique) et de Versailles\u2013Saint-Quentin-en-Yvelines<\/li>\n<\/ul>\n<hr \/>\n<h3><a href=\"https:\/\/sites-recherche.univ-rennes2.fr\/tempora\/activites\/anr-actepi\/\">ANR Les actes \u00e9piscopaux fran\u00e7ais du Moyen \u00c2ge\u00a0: \u00e9dition multimodale et exploitation<\/a><\/h3>\n<ul>\n<li>ANR PRC <strong><a href=\"https:\/\/anr.fr\/Projet-ANR-18-CE27-0001\" target=\"_blank\" rel=\"noopener noreferrer\">ACTEPI<\/a><\/strong> , projet port\u00e9 par Gr\u00e9gory Combalbert (Universit\u00e9 de Caen), avec 6 partenaires (coordinateur pour Tempora : Emmanuel GR\u00c9LOIS)<\/li>\n<\/ul>\n<hr \/>\n<h3><a href=\"https:\/\/sites-recherche.univ-rennes2.fr\/tempora\/activites\/anr-obardi-en-cours-de-soumission\/\">ANR Ontology-based Ancien R\u00e9gime Data Infrastructure<\/a><\/h3>\n<ul>\n<li>ANR PRC <strong>ObARDI<\/strong>, projet port\u00e9 par Victor Gay (Toulouse 1 \u2013 Toulouse School of Economics), avec 5 partenaires (coordinateur pour Tempora : Gauthier AUBERT)<\/li>\n<\/ul>\n<p>&nbsp;<\/p>\n<h2>Programmes ANR clos<\/h2>\n<p>Ces programmes donnent toujours lieu \u00e0 des travaux collectifs.<\/p>\n<ul>\n<li><span class=\"important\">ANR PRC<strong> CURR <\/strong>(<a href=\"https:\/\/sites-recherche.univ-rennes2.fr\/tempora\/activites\/anr-curr\/\"><strong><em>Cultures des R\u00e9voltes et R\u00e9volutions<\/em><\/strong><\/a>), port\u00e9 par\u00a0<\/span>Alain Hugon (CRHQ &#8211; Universit\u00e9 de Caen) avec 3 partenaires, dont le CERHIO (coordinateur : Gauthier AUBERT)<\/li>\n<\/ul>\n<hr \/>\n<ul>\n<li><span class=\"important\">\u200bANR PRC<strong> MARGEC <\/strong>(<a href=\"https:\/\/sites-recherche.univ-rennes2.fr\/tempora\/activites\/anr-margec\/\"><em><strong>Marginalit\u00e9, \u00e9conomie et christianisme : le fonctionnement mat\u00e9riel des couvents mendiants en Europe centrale, v.1220-v.1550<\/strong><\/em><\/a>), projet port\u00e9 par Marie-Madeleine de CEVINS, avec l&rsquo;Universit\u00e9 Clermont Auvergne (coord. : Ludovic Viallet) et Central European University (Budapest, coord. : G\u00e1bor Klaniczay), pr\u00e9sent\u00e9 sur<\/span><a style=\"font-size: 1rem; background-color: #ffffff;\" href=\"https:\/\/margec.msh.uca.fr\/\">\u00a0MARGEC<\/a><span style=\"font-size: 1rem;\">.<\/span><\/li>\n<\/ul>\n<p>&nbsp;<\/p>\n<h2>Projets en partenariat avec l&rsquo;\u00c9cole Fran\u00e7aise de Rome<\/h2>\n<ul>\n<li><em><strong>Repenser le Xe si\u00e8cle<\/strong><\/em><\/li>\n<\/ul>\n<p>&#8211; colloque 1 (Bologne, 17-19 novembre 2022), avec la participation de Florian MAZEL et d&rsquo;Isabelle ROS\u00c9 ; <a href=\"https:\/\/sites-recherche.univ-rennes2.fr\/tempora\/wp-content\/uploads\/2022\/11\/RIPENSARE_DECIMO_SEC_50X70_WEB_def.pdf\">programme<\/a><\/p>\n<p>&nbsp;<\/p>\n<h2>Projets collaboratifs autofinanc\u00e9s ou en qu\u00eate de financement<\/h2>\n<ul>\n<li>Projet de recherche franco-portugais\u00a0<em>:<a href=\"https:\/\/sites-recherche.univ-rennes2.fr\/tempora\/activites\/projet-provenances-francaises-dans-les-bibliotheques-fondees-au-portugal-par-les-braganca\/\"><strong> Provenances fran\u00e7aises dans les biblioth\u00e8ques fond\u00e9es au Portugal par les Bragan\u00e7a<\/strong><\/a><\/em><\/li>\n<\/ul>\n<p>Ce projet est port\u00e9 par les membres de trois institutions \u2013 Tempora (avec pour coordinateur Andr\u00e9 BELO), l\u2019unit\u00e9 de recherche portugaise CIDEHUS (Universit\u00e9 d\u2019\u00c9vora) (coordinateur : Tiago dos Reis Miranda) et la Direction G\u00e9n\u00e9rale du Patrimoine Portugais (Cristina Pinto Basto et Maria Teresa Amaral).<\/p>\n<hr \/>\n<ul>\n<li>Projet <strong><em><a href=\"https:\/\/sites-recherche.univ-rennes2.fr\/tempora\/activites\/projet-la-ville-en-colere\/\">Dire non : une histoire du droit \u00e0 la col\u00e8re<\/a><\/em><\/strong><\/li>\n<\/ul>\n<p>Port\u00e9 par Pascal Bastien (UQAM \u2013 GRHS, Canada) et s\u00e9lectionn\u00e9 pour financement par le Conseil de Recherches en Sciences Humaines du Canada (au printemps 2021), ce projet s\u2019appuie sur quatre coordinateurs institutionnels (2 Canadiens et 2 Fran\u00e7ais), dont Dominique GODINEAU, \u00ab collaboratrice \u00bb pour Tempora.<\/p>\n<p>&nbsp;<\/p>\n<h2>Groupements d\u2019int\u00e9r\u00eat scientifique (GIS) et de recherche (GDR)<\/h2>\n<ul>\n<li><strong>GIS ACorSo <\/strong>et <strong>revue \u00e9lectronique <em>Apparence(s) <img decoding=\"async\" src=\"\/system\/files\/UHB\/UFR-SCIENCES-SOCIALES\/Histoire\/Tempora\/cropped-nouveau_logo_acorso_ok.png\" alt=\"\" data-cke-saved-src=\"\/system\/files\/UHB\/UFR-SCIENCES-SOCIALES\/Histoire\/Tempora\/cropped-nouveau_logo_acorso_ok.png\" \/><\/em><\/strong><\/li>\n<\/ul>\n<p>Le <a href=\"https:\/\/acorso.org\/\">GIS ACorSo<\/a> (<a href=\"https:\/\/sites-recherche.univ-rennes2.fr\/tempora\/activites\/gis-apparences-corps-et-societes\/\"><em><strong>Apparences, Corps et Soci\u00e9t\u00e9s<\/strong><\/em><\/a>) a \u00e9t\u00e9 dirig\u00e9 jusqu&rsquo;en 2022 par Jean-Pierre LETHUILLIER, depuis l&rsquo;Universit\u00e9 Rennes 2.<\/p>\n<p>La <strong><a href=\"https:\/\/sites-recherche.univ-rennes2.fr\/tempora\/activites\/revue-numerique-apparences\/\">revue num\u00e9rique<\/a> <a href=\"https:\/\/journals.openedition.org\/apparences\/122\"><em>Apparence(s)<\/em><\/a><\/strong> , pilot\u00e9e par un comit\u00e9 \u00e9ditorial transdisciplinaire a \u00e9t\u00e9 h\u00e9berg\u00e9e \u00e0 Tempora de 2019 \u00e0 2022 (cheffe de r\u00e9daction : <a href=\"https:\/\/sites-recherche.univ-rennes2.fr\/tempora\/author\/achatenet\/\">Aur\u00e9lie CHATENET-CALYSTE<\/a>).<\/p>\n<hr \/>\n<ul>\n<li><strong>GIS H\u00e9PoS<\/strong><\/li>\n<\/ul>\n<p>Tempora a \u00e9t\u00e9 membre du <a href=\"https:\/\/hepos.hypotheses.org\/\">GIS H\u00e9PoS<\/a> (<a href=\"https:\/\/sites-recherche.univ-rennes2.fr\/tempora\/activites\/gis-heresie-pouvoirs-et-societes\/\"><em><strong>H\u00e9r\u00e9sie, Pouvoirs et Soci\u00e9t\u00e9s<\/strong><\/em><\/a>) fond\u00e9 par Alessia Trivellone (Universit\u00e9 Paul Val\u00e9ry-Montpellier \u2013 CEMM) de 2017 \u00e0 2021.<\/p>\n<hr \/>\n<ul>\n<li><strong>GDR AR-SHS<\/strong><\/li>\n<\/ul>\n<p>Tempora est membre depuis 2017 du <a href=\"https:\/\/arshs.hypotheses.org\/\">GDR AR-SHS<\/a> (<a href=\"https:\/\/sites-recherche.univ-rennes2.fr\/tempora\/activites\/gdr-analyse-de-reseaux-en-sciences-humaines-et-sociales\/\"><em><strong>Analyse de R\u00e9seaux en Sciences Humaines et Sociales<\/strong><\/em><\/a>), coordonn\u00e9 par Laurent Beauguitte (UMR IDEES).<\/p>\n<hr \/>\n<ul>\n<li><strong>GDR Rift<\/strong> (<a href=\"https:\/\/sites-recherche.univ-rennes2.fr\/tempora\/activites\/gdr-rift\/\"><strong><em>Groupe interdisciplinaire Grand Rift Africain<\/em><\/strong><\/a>).<\/li>\n<\/ul>\n<p>Tempora fait partie depuis 2020 du GDR Rift.<\/p>\n<p>&nbsp;<\/p>\n<h2>Projets de recherche collaborative sur support IUF<\/h2>\n<p><img loading=\"lazy\" decoding=\"async\" class=\"size-medium wp-image-2399 alignright\" src=\"https:\/\/sites-recherche.univ-rennes2.fr\/tempora\/wp-content\/uploads\/2021\/12\/IUF-300x105.png\" alt=\"\" width=\"300\" height=\"105\" srcset=\"https:\/\/sites-recherche.univ-rennes2.fr\/tempora\/wp-content\/uploads\/2021\/12\/IUF-300x105.png 300w, https:\/\/sites-recherche.univ-rennes2.fr\/tempora\/wp-content\/uploads\/2021\/12\/IUF.png 379w\" sizes=\"auto, (max-width: 300px) 100vw, 300px\" \/><\/p>\n<ul>\n<li>Projet <a href=\"https:\/\/www.iufrance.fr\/les-membres-de-liuf\/membre\/2175-guillaume-blanc.html\"><strong><em>L<\/em><em>\u2019\u00e9v\u00e9nement postcolonial. Constructions globales de la nature, de l\u2019\u00c9tat et de l\u2019Afrique contemporaine<\/em><\/strong><\/a>, port\u00e9 par Guillaume BLANC (IUF junior, 2021-2026)<\/li>\n<\/ul>\n<hr \/>\n<ul>\n<li>Projet <strong><em><a href=\"https:\/\/sites-recherche.univ-rennes2.fr\/tempora\/activites\/projet-iuf-pour-une-histoire-culturelle-comparee-de-leurope-centrale-au-moyen-age\/\">Pour une histoire culturelle compar\u00e9e de l\u2019Europe centrale au Moyen \u00c2ge<\/a> et dans la premi\u00e8re modernit\u00e9\u00a0: nouveaux chantiers et outils de recherche<\/em><\/strong>, port\u00e9 par Marie-Madeleine de CEVINS (IUF senior, 2017-2022)<\/li>\n<\/ul>\n<hr \/>\n<ul>\n<li>Projet <strong><em><a href=\"https:\/\/sites-recherche.univ-rennes2.fr\/tempora\/activites\/projet-iuf-incarner-letat\/\">Incarner l\u2019\u00c9tat<\/a>. Recherches sur l\u2019autorit\u00e9 des hauts fonctionnaires territoriaux en Europe au XIX<sup>e<\/sup> si\u00e8cle<\/em><\/strong>, port\u00e9 par Pierre KARILA-COHEN (IUF junior, 2012-2017)<\/li>\n<\/ul>\n<hr \/>\n<ul>\n<li>Projet <strong><em><a href=\"https:\/\/sites-recherche.univ-rennes2.fr\/tempora\/activites\/projet-iuf-mutations-de-leglise-et-transformation-sociale\/\">Mutations de l\u2019\u00c9glise et transformation sociale<\/a> : autour des Actus pontificum du Mans (IX<sup>e<\/sup>-XIII<sup>e<\/sup>\u00a0si\u00e8cle)<\/em><\/strong>, port\u00e9 par Florian MAZEL\u00a0(IUF junior, 2012-2017)<\/li>\n<\/ul>\n","protected":false},"excerpt":{"rendered":"<p>Programmes ANR ANR Parcellaires agraires et dynamiques d&rsquo;exploitation du sol dans la longue dur\u00e9e ANR JCJC PARCEDES, programme port\u00e9 par Magali WATTEAUX, en collaboration&hellip;<\/p>\n","protected":false},"author":1,"featured_media":0,"parent":0,"menu_order":0,"comment_status":"closed","ping_status":"closed","template":"","meta":{"_acf_changed":false,"footnotes":""},"class_list":["post-136","page","type-page","status-publish","hentry"],"acf":[],"_links":{"self":[{"href":"https:\/\/sites-recherche.univ-rennes2.fr\/tempora\/wp-json\/wp\/v2\/pages\/136","targetHints":{"allow":["GET"]}}],"collection":[{"href":"https:\/\/sites-recherche.univ-rennes2.fr\/tempora\/wp-json\/wp\/v2\/pages"}],"about":[{"href":"https:\/\/sites-recherche.univ-rennes2.fr\/tempora\/wp-json\/wp\/v2\/types\/page"}],"author":[{"embeddable":true,"href":"https:\/\/sites-recherche.univ-rennes2.fr\/tempora\/wp-json\/wp\/v2\/users\/1"}],"replies":[{"embeddable":true,"href":"https:\/\/sites-recherche.univ-rennes2.fr\/tempora\/wp-json\/wp\/v2\/comments?post=136"}],"version-history":[{"count":61,"href":"https:\/\/sites-recherche.univ-rennes2.fr\/tempora\/wp-json\/wp\/v2\/pages\/136\/revisions"}],"predecessor-version":[{"id":3928,"href":"https:\/\/sites-recherche.univ-rennes2.fr\/tempora\/wp-json\/wp\/v2\/pages\/136\/revisions\/3928"}],"wp:attachment":[{"href":"https:\/\/sites-recherche.univ-rennes2.fr\/tempora\/wp-json\/wp\/v2\/media?parent=136"}],"curies":[{"name":"wp","href":"https:\/\/api.w.org\/{rel}","templated":true}]}}