{"id":280,"date":"2020-09-08T09:47:30","date_gmt":"2020-09-08T07:47:30","guid":{"rendered":"https:\/\/sites-recherche.univ-rennes2.fr\/tempora\/?page_id=280"},"modified":"2025-07-02T11:56:02","modified_gmt":"2025-07-02T09:56:02","slug":"bfl","status":"publish","type":"page","link":"https:\/\/sites-recherche.univ-rennes2.fr\/tempora\/bfl\/","title":{"rendered":"La Biblioth\u00e8que Fran\u00e7ois-Lebrun"},"content":{"rendered":"<p><img loading=\"lazy\" decoding=\"async\" class=\" wp-image-1347 alignleft\" src=\"https:\/\/sites-recherche.univ-rennes2.fr\/tempora\/wp-content\/uploads\/2020\/10\/BFL-300x100.jpg\" alt=\"\" width=\"621\" height=\"207\" srcset=\"https:\/\/sites-recherche.univ-rennes2.fr\/tempora\/wp-content\/uploads\/2020\/10\/BFL-300x100.jpg 300w, https:\/\/sites-recherche.univ-rennes2.fr\/tempora\/wp-content\/uploads\/2020\/10\/BFL-1024x341.jpg 1024w, https:\/\/sites-recherche.univ-rennes2.fr\/tempora\/wp-content\/uploads\/2020\/10\/BFL-768x256.jpg 768w, https:\/\/sites-recherche.univ-rennes2.fr\/tempora\/wp-content\/uploads\/2020\/10\/BFL-920x307.jpg 920w, https:\/\/sites-recherche.univ-rennes2.fr\/tempora\/wp-content\/uploads\/2020\/10\/BFL.jpg 1200w\" sizes=\"auto, (max-width: 621px) 100vw, 621px\" \/>Issue des collections de la biblioth\u00e8que de l&rsquo;Institut Armoricain de Recherches Historiques fond\u00e9e au d\u00e9but des ann\u00e9es 1950, la <strong>Biblioth\u00e8que Fran\u00e7ois-Lebrun<\/strong>, situ\u00e9e au 1er \u00e9tage du <strong>b\u00e2timent N<\/strong> du Campus Villejean (salle N 201), abrite environ 18 000 volumes, 162 titres de revues (dont 23 abonnements \u00ab\u00a0papier\u00a0\u00bb en cours).<br \/>\nElle dispose \u00e9galement d\u2019un fonds de pr\u00e8s de 4000 m\u00e9moires d\u2019\u00e9tudiants en Histoire (DES, Ma\u00eetrises, DEA et Masters).<\/p>\n<p>La politique d&rsquo;acquisitions de la BFL refl\u00e8te les th\u00e9matiques explor\u00e9es collectivement ou individuellement par les membres de Tempora et par les \u00e9tudiants dont ils encadrent les recherches, du niveau Master au niveau Doctorat.<\/p>\n<p>Les collections de la BFL sont int\u00e9gralement r\u00e9f\u00e9renc\u00e9es dans le <a title=\"ouverture d'un nouvel onglet\" href=\"https:\/\/rechercher.bu.univ-rennes2.fr\/primo-explore\/search?vid=33UDR2_VU1&amp;lang=fr_FR&amp;sortby=rank\" target=\"_blank\" rel=\"noopener noreferrer\">catalogue<\/a> du Service commun de la documentation (SCD) de Rennes 2<a href=\"https:\/\/services.univ-rennes2.fr\/memorable\">.<\/a><\/p>\n<p>La BFL est aussi le lieu de consultation des archives de l&rsquo; \u00ab\u00a0enqu\u00eate Jean Nicolas\u00a0\u00bb, qui porte sur les mouvements r\u00e9bellionnaires dans la France d&rsquo;Ancien R\u00e9gime.<\/p>\n<p>Biblioth\u00e8que de recherche, la BFL n&rsquo;est pas pas accessible au public non-universitaire. Elle est accessible aux \u00e9tudiants de Licence, bien qu&rsquo;avec des conditions de pr\u00eat plus restreintes que pour les chercheurs, les \u00e9tudiants de Master et de doctorat qui sont ses publics de r\u00e9f\u00e9rence.<\/p>\n<p>La Biblioth\u00e8que administre les bases :<\/p>\n<p>&#8211;\u00a0<a href=\"https:\/\/services.univ-rennes2.fr\/dipouest\/\">DIPOUEST<\/a>\u00a0(articles et contributions sur l&rsquo;histoire de la Bretagne et des r\u00e9gions limitrophes).<\/p>\n<p>&#8211;\u00a0<a title=\"ouverture d'un nouvel onglet\" href=\"https:\/\/memhouest.nakalona.fr\/\" target=\"_blank\" rel=\"noopener noreferrer\">MemHOuest<\/a>\u00a0(travaux d&rsquo;\u00e9tudiants sur l&rsquo;histoire d&rsquo;un tr\u00e8s grand ouest fran\u00e7ais).<\/p>\n<p>&#8211;<a title=\"ouverture d'un nouvel onglet\" href=\"https:\/\/19m.nakalona.fr\/\" target=\"_blank\" rel=\"noopener noreferrer\">\u00a0XIXe si\u00e8cle en m\u00e9moires<\/a> (travaux d&rsquo;\u00e9tudiants sur l&rsquo;histoire du XIXe si\u00e8cle d\u00e9pos\u00e9s en France m\u00e9tropolitaine et outre-mer) ; <a title=\"ouverture d'un nouvel onglet\" href=\"https:\/\/consciences.hypotheses.org\/1943\" target=\"_blank\" rel=\"noopener noreferrer\">pr\u00e9sentation<\/a>.<\/p>\n","protected":false},"excerpt":{"rendered":"<p>Issue des collections de la biblioth\u00e8que de l&rsquo;Institut Armoricain de Recherches Historiques fond\u00e9e au d\u00e9but des ann\u00e9es 1950, la Biblioth\u00e8que Fran\u00e7ois-Lebrun, situ\u00e9e au 1er&hellip;<\/p>\n","protected":false},"author":1,"featured_media":0,"parent":0,"menu_order":0,"comment_status":"closed","ping_status":"closed","template":"","meta":{"_acf_changed":false,"footnotes":""},"class_list":["post-280","page","type-page","status-publish","hentry"],"acf":[],"_links":{"self":[{"href":"https:\/\/sites-recherche.univ-rennes2.fr\/tempora\/wp-json\/wp\/v2\/pages\/280","targetHints":{"allow":["GET"]}}],"collection":[{"href":"https:\/\/sites-recherche.univ-rennes2.fr\/tempora\/wp-json\/wp\/v2\/pages"}],"about":[{"href":"https:\/\/sites-recherche.univ-rennes2.fr\/tempora\/wp-json\/wp\/v2\/types\/page"}],"author":[{"embeddable":true,"href":"https:\/\/sites-recherche.univ-rennes2.fr\/tempora\/wp-json\/wp\/v2\/users\/1"}],"replies":[{"embeddable":true,"href":"https:\/\/sites-recherche.univ-rennes2.fr\/tempora\/wp-json\/wp\/v2\/comments?post=280"}],"version-history":[{"count":26,"href":"https:\/\/sites-recherche.univ-rennes2.fr\/tempora\/wp-json\/wp\/v2\/pages\/280\/revisions"}],"predecessor-version":[{"id":4652,"href":"https:\/\/sites-recherche.univ-rennes2.fr\/tempora\/wp-json\/wp\/v2\/pages\/280\/revisions\/4652"}],"wp:attachment":[{"href":"https:\/\/sites-recherche.univ-rennes2.fr\/tempora\/wp-json\/wp\/v2\/media?parent=280"}],"curies":[{"name":"wp","href":"https:\/\/api.w.org\/{rel}","templated":true}]}}