{"id":2855,"date":"2022-06-10T10:53:50","date_gmt":"2022-06-10T08:53:50","guid":{"rendered":"https:\/\/sites-recherche.univ-rennes2.fr\/tempora\/?post_type=tribe_events&#038;p=2855"},"modified":"2022-10-10T11:19:40","modified_gmt":"2022-10-10T09:19:40","slug":"seminaire-arh-a-la-decouverte-des-etrusques","status":"publish","type":"tribe_events","link":"https:\/\/sites-recherche.univ-rennes2.fr\/tempora\/event\/seminaire-arh-a-la-decouverte-des-etrusques\/","title":{"rendered":"S\u00e9minaire ARH : \u00c0 la d\u00e9couverte des \u00c9trusques"},"content":{"rendered":"<p>La premi\u00e8re s\u00e9ance du S\u00e9minaire <a href=\"https:\/\/sites-recherche.univ-rennes2.fr\/tempora\/activites\/seminaire-actualite-de-la-recherche-historique\/\">Actualit\u00e9 de la recherche historique<\/a> de l\u2019ann\u00e9e 2022-2023 se tient le j<strong>eudi 20 octobre 2022<\/strong>, de 17h \u00e0 19h, en salle Jacques L\u00e9onard (b\u00e2t. A, 3e \u00e9tage).<\/p>\n<p class=\"p2\"><strong>Marie-Laurence H<\/strong><span class=\"s2\"><strong>AACK<\/strong> <\/span>(Universit\u00e9 d\u2019Amiens) pr\u00e9sentera son ouvrage intitul\u00e9 <em>\u00c0 la d\u00e9couverte des \u00c9trusques<\/em>, Paris, La D\u00e9couverte, 2021.<\/p>\n<p class=\"p2\">Les \u00c9trusques, un peuple d\u2019Italie disparu au I<span class=\"s2\">er <\/span>si\u00e8cle av. J.-C. dans sa confrontation avec Rome, restent pour une grande part mal connus. Leur mode de vie comme leur syst\u00e8me politique suscitent des interrogations et on comprend toujours mal leur langue m\u00eame s\u2019ils ont adopt\u00e9 l\u2019alphabet grec. Pourtant, les vestiges arch\u00e9ologiques abondent dans toute l\u2019Italie centrale. On est toujours \u00e9merveill\u00e9 par les c\u00e9l\u00e8bres fresques des tombes de Tarquinia qui mettent en sc\u00e8ne leur vie quotidienne et semblent donner aux femmes un statut qui leur \u00e9tait refus\u00e9 dans les autres cultures de l\u2019Antiquit\u00e9 : le visiteur fait face \u00e0 des \u00c9trusques banquetant, jouant, dansant, dans une impression d\u2019harmonie. L\u2019originalit\u00e9 de ce livre est d\u2019explorer parall\u00e8lement l\u2019histoire des \u00c9trusques et l\u2019histoire des tentatives faites au fil des si\u00e8cles pour les comprendre, voire pour fabriquer des mythes\u2026 et des l\u00e9gendes. C\u2019est une incroyable histoire de pillages, de mensonges, de falsifications, de simplifications outranci\u00e8res que l\u2019autrice restitue pour comprendre la fascination exerc\u00e9e par ce peuple qui a profond\u00e9ment influenc\u00e9 les Romains. En parcourant les sites les plus c\u00e9l\u00e8bres de l\u2019histoire \u00e9trusque, Marie-Laurence Haack rend justice \u00e0 l\u2019extraordinaire singularit\u00e9 de ce peuple.<\/p>\n<p class=\"p2\">Le dossier pr\u00e9paratoire de la s\u00e9ance se trouve <a href=\"https:\/\/sites-recherche.univ-rennes2.fr\/tempora\/wp-content\/uploads\/2022\/06\/Dossier-Haack-2022.pdf\">ici<\/a>.<\/p>\n","protected":false},"excerpt":{"rendered":"<p>La premi\u00e8re s\u00e9ance du S\u00e9minaire Actualit\u00e9 de la recherche historique de l\u2019ann\u00e9e 2022-2023 se tient le jeudi 20 octobre 2022, de 17h \u00e0 19h,&hellip;<\/p>\n","protected":false},"author":8,"featured_media":3055,"template":"","meta":{"_acf_changed":false,"_tribe_events_status":"","_tribe_events_status_reason":"","footnotes":""},"tribe_events_cat":[17],"class_list":["post-2855","tribe_events","type-tribe_events","status-publish","has-post-thumbnail","hentry","tribe_events_cat-seances-de-seminaire","cat_seances-de-seminaire"],"acf":[],"_links":{"self":[{"href":"https:\/\/sites-recherche.univ-rennes2.fr\/tempora\/wp-json\/wp\/v2\/tribe_events\/2855","targetHints":{"allow":["GET"]}}],"collection":[{"href":"https:\/\/sites-recherche.univ-rennes2.fr\/tempora\/wp-json\/wp\/v2\/tribe_events"}],"about":[{"href":"https:\/\/sites-recherche.univ-rennes2.fr\/tempora\/wp-json\/wp\/v2\/types\/tribe_events"}],"author":[{"embeddable":true,"href":"https:\/\/sites-recherche.univ-rennes2.fr\/tempora\/wp-json\/wp\/v2\/users\/8"}],"version-history":[{"count":10,"href":"https:\/\/sites-recherche.univ-rennes2.fr\/tempora\/wp-json\/wp\/v2\/tribe_events\/2855\/revisions"}],"predecessor-version":[{"id":3066,"href":"https:\/\/sites-recherche.univ-rennes2.fr\/tempora\/wp-json\/wp\/v2\/tribe_events\/2855\/revisions\/3066"}],"wp:featuredmedia":[{"embeddable":true,"href":"https:\/\/sites-recherche.univ-rennes2.fr\/tempora\/wp-json\/wp\/v2\/media\/3055"}],"wp:attachment":[{"href":"https:\/\/sites-recherche.univ-rennes2.fr\/tempora\/wp-json\/wp\/v2\/media?parent=2855"}],"wp:term":[{"taxonomy":"tribe_events_cat","embeddable":true,"href":"https:\/\/sites-recherche.univ-rennes2.fr\/tempora\/wp-json\/wp\/v2\/tribe_events_cat?post=2855"}],"curies":[{"name":"wp","href":"https:\/\/api.w.org\/{rel}","templated":true}]}}