{"id":3125,"date":"2022-10-21T22:22:01","date_gmt":"2022-10-21T20:22:01","guid":{"rendered":"https:\/\/sites-recherche.univ-rennes2.fr\/tempora\/?post_type=tribe_events&#038;p=3125"},"modified":"2022-10-22T18:48:26","modified_gmt":"2022-10-22T16:48:26","slug":"seminaire-arh-le-bapteme-de-clovis","status":"publish","type":"tribe_events","link":"https:\/\/sites-recherche.univ-rennes2.fr\/tempora\/event\/seminaire-arh-le-bapteme-de-clovis\/","title":{"rendered":"S\u00e9minaire ARH : Le bapt\u00eame de Clovis"},"content":{"rendered":"<p>La deuxi\u00e8me s\u00e9ance du <a href=\"https:\/\/sites-recherche.univ-rennes2.fr\/tempora\/activites\/seminaire-actualite-de-la-recherche-historique\/\">s\u00e9minaire Actualit\u00e9 de la recherche historique<\/a> de l&rsquo;ann\u00e9e se tiendra le <strong>jeudi 10 novembre 2022<\/strong>, de 17 h 30 \u00e0 19 h 30, dans la salle Jacques L\u00e9onard (b\u00e2timent A, 3e \u00e9tage).<\/p>\n<p><strong>Bruno Dum\u00e9zil<\/strong> (Sorbonne Universit\u00e9) pr\u00e9sentera son ouvrage intitul\u00e9 <em>Le bapt\u00eame de Clovis<\/em>, Paris, Gallimard, 2019.<\/p>\n<p>L&rsquo;\u00e9pisode inaugural de l&rsquo;histoire de France est aussi le plus \u00e9vanescent : on n&rsquo;en conna\u00eet \u00e0 la v\u00e9rit\u00e9 ni le lieu, ni la date, ni les circonstances pr\u00e9cises, ni m\u00eame la port\u00e9e imm\u00e9diate. C&rsquo;est l&rsquo;\u00e9criture de l&rsquo;histoire qui allait au fil des si\u00e8cles faire du bapt\u00eame de Clovis la sc\u00e8ne originelle de notre l\u00e9gendaire national. Cette c\u00e9r\u00e9monie bien r\u00e9elle reste encore aujourd&rsquo;hui recouverte d&rsquo;\u00e9paisses couches de mythes et de fables. Peut-on retrouver la v\u00e9ritable figure de ce \u00ab roi tr\u00e8s glorieux \u00bb qui, au cr\u00e9puscule de l&rsquo;Empire romain, a \u00e9pous\u00e9 la foi catholique, bient\u00f4t suivi d&rsquo;une partie de son peuple ? Tel est l&rsquo;objet de ce livre : il explore les traces fugaces d&rsquo;une Gaule en mutation entre le pass\u00e9 romain\u00a0<span id=\"js-showResume\" class=\"showResume\">et la civilisation m\u00e9di\u00e9vale ; il convoque les ressources de l&rsquo;arch\u00e9ologie pour approcher les hommes et les paysages que Clovis va unifier ; il s&rsquo;efforce de composer l&rsquo;histoire de ce peuple franc appel\u00e9 \u00e0 fonder une nation chr\u00e9tienne. C&rsquo;est cette reconstitution qui conf\u00e8re \u00e0 cette journ\u00e9e lointaine sa v\u00e9ritable dimension politique et m\u00e9morielle. Plusieurs r\u00e9cits du bapt\u00eame sont possibles, que cet ouvrage revisite. Autour de Clovis, m\u00e9moire et histoire souvent s&rsquo;entrem\u00ealent au service de partis et de passions que chaque \u00e9poque fait na\u00eetre. L&rsquo;irr\u00e9ductible part de myst\u00e8re de ce bapt\u00eame des origines aura ainsi contribu\u00e9 \u00e0 son extraordinaire post\u00e9rit\u00e9. (<em>4e p. de couverture<\/em>).<\/span><\/p>\n<p>La dossier pr\u00e9paratoire de la s\u00e9ance se trouve <a href=\"https:\/\/sites-recherche.univ-rennes2.fr\/tempora\/wp-content\/uploads\/2022\/10\/Dossier-Dumezil-2022.pdf\">ici<\/a>.<\/p>\n","protected":false},"excerpt":{"rendered":"<p>La deuxi\u00e8me s\u00e9ance du s\u00e9minaire Actualit\u00e9 de la recherche historique de l&rsquo;ann\u00e9e se tiendra le jeudi 10 novembre 2022, de 17 h 30 \u00e0&hellip;<\/p>\n","protected":false},"author":10,"featured_media":3130,"template":"","meta":{"_acf_changed":false,"_tribe_events_status":"","_tribe_events_status_reason":"","footnotes":""},"tribe_events_cat":[17],"class_list":["post-3125","tribe_events","type-tribe_events","status-publish","has-post-thumbnail","hentry","tribe_events_cat-seances-de-seminaire","cat_seances-de-seminaire"],"acf":[],"_links":{"self":[{"href":"https:\/\/sites-recherche.univ-rennes2.fr\/tempora\/wp-json\/wp\/v2\/tribe_events\/3125","targetHints":{"allow":["GET"]}}],"collection":[{"href":"https:\/\/sites-recherche.univ-rennes2.fr\/tempora\/wp-json\/wp\/v2\/tribe_events"}],"about":[{"href":"https:\/\/sites-recherche.univ-rennes2.fr\/tempora\/wp-json\/wp\/v2\/types\/tribe_events"}],"author":[{"embeddable":true,"href":"https:\/\/sites-recherche.univ-rennes2.fr\/tempora\/wp-json\/wp\/v2\/users\/10"}],"version-history":[{"count":6,"href":"https:\/\/sites-recherche.univ-rennes2.fr\/tempora\/wp-json\/wp\/v2\/tribe_events\/3125\/revisions"}],"predecessor-version":[{"id":3142,"href":"https:\/\/sites-recherche.univ-rennes2.fr\/tempora\/wp-json\/wp\/v2\/tribe_events\/3125\/revisions\/3142"}],"wp:featuredmedia":[{"embeddable":true,"href":"https:\/\/sites-recherche.univ-rennes2.fr\/tempora\/wp-json\/wp\/v2\/media\/3130"}],"wp:attachment":[{"href":"https:\/\/sites-recherche.univ-rennes2.fr\/tempora\/wp-json\/wp\/v2\/media?parent=3125"}],"wp:term":[{"taxonomy":"tribe_events_cat","embeddable":true,"href":"https:\/\/sites-recherche.univ-rennes2.fr\/tempora\/wp-json\/wp\/v2\/tribe_events_cat?post=3125"}],"curies":[{"name":"wp","href":"https:\/\/api.w.org\/{rel}","templated":true}]}}