{"id":4373,"date":"2024-10-10T15:22:46","date_gmt":"2024-10-10T13:22:46","guid":{"rendered":"https:\/\/sites-recherche.univ-rennes2.fr\/tempora\/?post_type=tribe_events&#038;p=4373"},"modified":"2024-10-10T15:22:46","modified_gmt":"2024-10-10T13:22:46","slug":"les-temporiales-10","status":"publish","type":"tribe_events","link":"https:\/\/sites-recherche.univ-rennes2.fr\/tempora\/event\/les-temporiales-10\/","title":{"rendered":"Les Temporiales"},"content":{"rendered":"<p>Fanny Bugnon pr\u00e9sente son ouvrage, <em>L&rsquo;\u00e9lection interdite. Itin\u00e9raire de Jos\u00e9phine Pencalet, ouvri\u00e8re bretonne (1886-1972)<\/em>, paru en 2024.<\/p>\n<p>R\u00e9sum\u00e9 de l&rsquo;ouvrage :<\/p>\n<p><span class=\"content-cut-text\">\u00ab\u00a0En 1925, des femmes se pr\u00e9sentent aux \u00e9lections municipales sous la banni\u00e8re communiste, alors m\u00eame qu\u2019elles n\u2019ont pas le droit de vote, et encore moins celui d\u2019\u00eatre \u00e9lues. Parmi elles, Jos\u00e9phine Pencalet \u00e0 Douarnenez, en Bretagne. Fille de marin, elle fait partie de ces sardini\u00e8res, les <i>Penn Sardin<\/i>, qui quelques mois plus t\u00f4t ont d\u00e9fray\u00e9 la chronique pour avoir men\u00e9 une gr\u00e8ve dure, longue et victorieuse. Elle est \u00e9lue. C\u2019est une premi\u00e8re dans la vie politique fran\u00e7aise. Mais la victoire est de courte dur\u00e9e. L\u2019\u00e9lection est invalid\u00e9e et Jos\u00e9phine Pencalet tombe dans l\u2019oubli jusqu\u2019\u00e0 sa red\u00e9couverte progressive \u00e0 la faveur des initiatives de passeurs de la m\u00e9moire locale et du renouveau f\u00e9ministe. Mais qui \u00e9tait vraiment Jos\u00e9phine Pencalet ? Une Louise Michel bretonne ? Une f\u00e9ministe avant l\u2019heure ?<\/span><\/p>\n<p><span class=\"content-cut-text\">Retra\u00e7ant l&rsquo;itin\u00e9raire de Jos\u00e9phine Pencalet, Fanny Bugnon d\u00e9voile les enjeux sociaux, politiques et \u00e9conomiques qui ont travers\u00e9 la condition f\u00e9minine au cours du XXe si\u00e8cle, bien au-del\u00e0 du port breton.\u00a0\u00bb<\/span><\/p>\n","protected":false},"excerpt":{"rendered":"<p>Fanny Bugnon pr\u00e9sente son ouvrage, L&rsquo;\u00e9lection interdite. Itin\u00e9raire de Jos\u00e9phine Pencalet, ouvri\u00e8re bretonne (1886-1972), paru en 2024. R\u00e9sum\u00e9 de l&rsquo;ouvrage : \u00ab\u00a0En 1925, des&hellip;<\/p>\n","protected":false},"author":115,"featured_media":4374,"template":"","meta":{"_acf_changed":false,"_tribe_events_status":"","_tribe_events_status_reason":"","footnotes":""},"tribe_events_cat":[],"class_list":["post-4373","tribe_events","type-tribe_events","status-publish","has-post-thumbnail","hentry"],"acf":[],"_links":{"self":[{"href":"https:\/\/sites-recherche.univ-rennes2.fr\/tempora\/wp-json\/wp\/v2\/tribe_events\/4373","targetHints":{"allow":["GET"]}}],"collection":[{"href":"https:\/\/sites-recherche.univ-rennes2.fr\/tempora\/wp-json\/wp\/v2\/tribe_events"}],"about":[{"href":"https:\/\/sites-recherche.univ-rennes2.fr\/tempora\/wp-json\/wp\/v2\/types\/tribe_events"}],"author":[{"embeddable":true,"href":"https:\/\/sites-recherche.univ-rennes2.fr\/tempora\/wp-json\/wp\/v2\/users\/115"}],"version-history":[{"count":1,"href":"https:\/\/sites-recherche.univ-rennes2.fr\/tempora\/wp-json\/wp\/v2\/tribe_events\/4373\/revisions"}],"predecessor-version":[{"id":4376,"href":"https:\/\/sites-recherche.univ-rennes2.fr\/tempora\/wp-json\/wp\/v2\/tribe_events\/4373\/revisions\/4376"}],"wp:featuredmedia":[{"embeddable":true,"href":"https:\/\/sites-recherche.univ-rennes2.fr\/tempora\/wp-json\/wp\/v2\/media\/4374"}],"wp:attachment":[{"href":"https:\/\/sites-recherche.univ-rennes2.fr\/tempora\/wp-json\/wp\/v2\/media?parent=4373"}],"wp:term":[{"taxonomy":"tribe_events_cat","embeddable":true,"href":"https:\/\/sites-recherche.univ-rennes2.fr\/tempora\/wp-json\/wp\/v2\/tribe_events_cat?post=4373"}],"curies":[{"name":"wp","href":"https:\/\/api.w.org\/{rel}","templated":true}]}}