{"id":4404,"date":"2024-11-02T16:12:36","date_gmt":"2024-11-02T15:12:36","guid":{"rendered":"https:\/\/sites-recherche.univ-rennes2.fr\/tempora\/?post_type=tribe_events&#038;p=4404"},"modified":"2024-11-02T16:12:36","modified_gmt":"2024-11-02T15:12:36","slug":"les-temporiales-9","status":"publish","type":"tribe_events","link":"https:\/\/sites-recherche.univ-rennes2.fr\/tempora\/event\/les-temporiales-9\/","title":{"rendered":"Les Temporiales"},"content":{"rendered":"<p>Alexandre Lepesteur pr\u00e9sente sa th\u00e8se, soutenue en d\u00e9cembre 2023 : \u00ab\u00a0Entrer en paix : la sortie des guerres de Religion en Bretagne (1598-ann\u00e9es 1610)\u00a0\u00bb.<\/p>\n<p>R\u00e9sum\u00e9 de la th\u00e8se :<\/p>\n<p>\u00ab\u00a0D&rsquo;ordinaire, l&rsquo;historiographie consid\u00e8re que la huiti\u00e8me guerre de Religion se termine par la signature de l&rsquo;\u00c9dit de Nantes en avril 1598. En revanche, l&rsquo;on oublie souvent de pr\u00e9ciser que la pr\u00e9sence de Henri IV dans cette ville ligueuse est la cons\u00e9quence de sa venue en Bretagne, pour obtenir la r\u00e9duction en ob\u00e9issance de la province et de son gouverneur Merc\u0153ur, n\u00e9goci\u00e9e Angers en mars 1598. Dans ce contexte, cette th\u00e8se a pour ambition de mettre au jour les modalit\u00e9s par lesquelles les Bretons sont entr\u00e9s en paix entre 1598 et les ann\u00e9es 1610. L&rsquo;analyse des archives d&rsquo;institutions bretonnes, en particulier les arr\u00eats sur requ\u00eates du parlement de Bretagne r\u00e9v\u00e8le la mani\u00e8re dont s&rsquo;organisait sur le terrain la sortie des guerres de Religion. Elle met au jour les dispositifs concrets de la pacification (retour \u00e0 la vie civile, d\u00e9militarisation des soci\u00e9t\u00e9s, r\u00e9tablissement des institutions, applications de la politique d&rsquo;amnistie) et de la restauration de l&rsquo;ordre social, politique et religieux. Cela permet d&rsquo;\u00e9valuer \u00e0 nouveau frais les raisons de la r\u00e9ussite henricienne, sous l&rsquo;angle provincial, en se concentrant notamment sur le r\u00f4le des acteurs locaux et, en particulier, des institutions judiciaires. Aussi ressort pleinement l&rsquo;importance de cette p\u00e9riode \u00e0 la tonalit\u00e9 propre dans la red\u00e9finition de la place des institutions bretonnes &#8211; parlement comme \u00c9tats &#8211; localement et dans la relation avec le pouvoir royal. Commence alors, en un certain sens, une p\u00e9riode d&rsquo;\u00e2ge d&rsquo;or politique en Bretagne fond\u00e9e sur la restauration d&rsquo;un compromis politico-social avec l&rsquo;autorit\u00e9 centrale, dans le cadre de cette sortie de guerre.\u00a0\u00bb<\/p>\n","protected":false},"excerpt":{"rendered":"<p>Alexandre Lepesteur pr\u00e9sente sa th\u00e8se, soutenue en d\u00e9cembre 2023 : \u00ab\u00a0Entrer en paix : la sortie des guerres de Religion en Bretagne (1598-ann\u00e9es 1610)\u00a0\u00bb.&hellip;<\/p>\n","protected":false},"author":115,"featured_media":4406,"template":"","meta":{"_acf_changed":false,"_tribe_events_status":"","_tribe_events_status_reason":"","footnotes":""},"tribe_events_cat":[],"class_list":["post-4404","tribe_events","type-tribe_events","status-publish","has-post-thumbnail","hentry"],"acf":[],"_links":{"self":[{"href":"https:\/\/sites-recherche.univ-rennes2.fr\/tempora\/wp-json\/wp\/v2\/tribe_events\/4404","targetHints":{"allow":["GET"]}}],"collection":[{"href":"https:\/\/sites-recherche.univ-rennes2.fr\/tempora\/wp-json\/wp\/v2\/tribe_events"}],"about":[{"href":"https:\/\/sites-recherche.univ-rennes2.fr\/tempora\/wp-json\/wp\/v2\/types\/tribe_events"}],"author":[{"embeddable":true,"href":"https:\/\/sites-recherche.univ-rennes2.fr\/tempora\/wp-json\/wp\/v2\/users\/115"}],"version-history":[{"count":2,"href":"https:\/\/sites-recherche.univ-rennes2.fr\/tempora\/wp-json\/wp\/v2\/tribe_events\/4404\/revisions"}],"predecessor-version":[{"id":4408,"href":"https:\/\/sites-recherche.univ-rennes2.fr\/tempora\/wp-json\/wp\/v2\/tribe_events\/4404\/revisions\/4408"}],"wp:featuredmedia":[{"embeddable":true,"href":"https:\/\/sites-recherche.univ-rennes2.fr\/tempora\/wp-json\/wp\/v2\/media\/4406"}],"wp:attachment":[{"href":"https:\/\/sites-recherche.univ-rennes2.fr\/tempora\/wp-json\/wp\/v2\/media?parent=4404"}],"wp:term":[{"taxonomy":"tribe_events_cat","embeddable":true,"href":"https:\/\/sites-recherche.univ-rennes2.fr\/tempora\/wp-json\/wp\/v2\/tribe_events_cat?post=4404"}],"curies":[{"name":"wp","href":"https:\/\/api.w.org\/{rel}","templated":true}]}}